{"id":55618,"date":"2023-11-28T23:15:11","date_gmt":"2023-11-28T22:15:11","guid":{"rendered":"https:\/\/lagh-univ.dz\/faculte-de-genie-civil-et-architecture\/genie-civil-announcement\/"},"modified":"2023-12-02T21:02:23","modified_gmt":"2023-12-02T20:02:23","slug":"genie-civil-announcement","status":"publish","type":"page","link":"https:\/\/lagh-univ.dz\/fr\/faculte-de-genie-civil-et-architecture\/genie-civil-announcement\/","title":{"rendered":"G\u00e9nie Civil \u2013announcement"},"content":{"rendered":"\t\t<div data-elementor-type=\"wp-page\" data-elementor-id=\"55618\" class=\"elementor elementor-55618\" data-elementor-post-type=\"page\">\n\t\t\t\t\t\t<section class=\"elementor-section elementor-top-section elementor-element elementor-element-25b5dc2 elementor-section-full_width elementor-section-height-default elementor-section-height-default\" data-id=\"25b5dc2\" data-element_type=\"section\" data-e-type=\"section\" data-settings=\"{&quot;background_background&quot;:&quot;classic&quot;}\">\n\t\t\t\t\t\t<div class=\"elementor-container elementor-column-gap-default\">\n\t\t\t\t\t<div class=\"elementor-column elementor-col-100 elementor-top-column elementor-element elementor-element-e22489b\" data-id=\"e22489b\" data-element_type=\"column\" data-e-type=\"column\">\n\t\t\t<div class=\"elementor-widget-wrap elementor-element-populated\">\n\t\t\t\t\t\t<div class=\"elementor-element elementor-element-460b2c6 elementor-grid-5 elementor-grid-tablet-2 elementor-grid-mobile-1 elementor-posts--thumbnail-top elementor-card-shadow-yes elementor-posts__hover-gradient load-more-align-center elementor-widget elementor-widget-posts\" data-id=\"460b2c6\" data-element_type=\"widget\" data-e-type=\"widget\" data-settings=\"{&quot;cards_row_gap&quot;:{&quot;unit&quot;:&quot;px&quot;,&quot;size&quot;:31,&quot;sizes&quot;:[]},&quot;pagination_type&quot;:&quot;load_more_on_click&quot;,&quot;cards_columns&quot;:&quot;5&quot;,&quot;cards_columns_tablet&quot;:&quot;2&quot;,&quot;cards_columns_mobile&quot;:&quot;1&quot;,&quot;cards_row_gap_tablet&quot;:{&quot;unit&quot;:&quot;px&quot;,&quot;size&quot;:&quot;&quot;,&quot;sizes&quot;:[]},&quot;cards_row_gap_mobile&quot;:{&quot;unit&quot;:&quot;px&quot;,&quot;size&quot;:&quot;&quot;,&quot;sizes&quot;:[]},&quot;load_more_spinner&quot;:{&quot;value&quot;:&quot;fas fa-spinner&quot;,&quot;library&quot;:&quot;fa-solid&quot;}}\" data-widget_type=\"posts.cards\">\n\t\t\t\t<div class=\"elementor-widget-container\">\n\t\t\t\t\t\t\t<div class=\"elementor-posts-container elementor-posts elementor-posts--skin-cards elementor-grid\" role=\"list\">\n\t\t\t\t<article class=\"elementor-post elementor-grid-item post-62572 post type-post status-publish format-standard has-post-thumbnail hentry category-annonce-fr category-civil category-civil_architecture category-civil_civil\" role=\"listitem\">\n\t\t\t<div class=\"elementor-post__card\">\n\t\t\t\t<a class=\"elementor-post__thumbnail__link\" href=\"https:\/\/lagh-univ.dz\/fr\/%d9%83%d9%84%d9%8a%d8%a9-%d8%a7%d9%84%d9%87%d9%86%d8%af%d8%b3%d8%a9-%d8%a7%d9%84%d9%85%d8%af%d9%86%d9%8a%d8%a9-%d9%88-%d8%a7%d9%84%d9%87%d9%86%d8%af%d8%b3%d8%a9-%d8%a7%d9%84%d9%85%d8%b9%d9%85%d8%a7-76\/\" tabindex=\"-1\" ><div class=\"elementor-post__thumbnail\"><img fetchpriority=\"high\" decoding=\"async\" width=\"1280\" height=\"957\" src=\"https:\/\/lagh-univ.dz\/wp-content\/uploads\/2024\/11\/IMG-20241130-WA0021.jpg\" class=\"attachment-full size-full wp-image-62527\" alt=\"\" srcset=\"https:\/\/lagh-univ.dz\/wp-content\/uploads\/2024\/11\/IMG-20241130-WA0021.jpg 1280w, https:\/\/lagh-univ.dz\/wp-content\/uploads\/2024\/11\/IMG-20241130-WA0021-300x224.jpg 300w, https:\/\/lagh-univ.dz\/wp-content\/uploads\/2024\/11\/IMG-20241130-WA0021-1024x766.jpg 1024w, https:\/\/lagh-univ.dz\/wp-content\/uploads\/2024\/11\/IMG-20241130-WA0021-768x574.jpg 768w\" sizes=\"(max-width: 1280px) 100vw, 1280px\" \/><\/div><\/a>\n\t\t\t\t<div class=\"elementor-post__text\">\n\t\t\t\t<h5 class=\"elementor-post__title\">\n\t\t\t<a href=\"https:\/\/lagh-univ.dz\/fr\/%d9%83%d9%84%d9%8a%d8%a9-%d8%a7%d9%84%d9%87%d9%86%d8%af%d8%b3%d8%a9-%d8%a7%d9%84%d9%85%d8%af%d9%86%d9%8a%d8%a9-%d9%88-%d8%a7%d9%84%d9%87%d9%86%d8%af%d8%b3%d8%a9-%d8%a7%d9%84%d9%85%d8%b9%d9%85%d8%a7-76\/\" >\n\t\t\t\tFacult\u00e9 de G\u00e9nie Civil et d&rsquo;Architecture : Activit\u00e9s de la journ\u00e9e du concours \u00ab D\u00e9fi du Pont en Bois \u00bb au D\u00e9partement de G\u00e9nie Civil\t\t\t<\/a>\n\t\t<\/h5>\n\t\t\t\t\t<div class=\"elementor-post__read-more-wrapper\">\n\t\t\n\t\t<a class=\"elementor-post__read-more\" href=\"https:\/\/lagh-univ.dz\/fr\/%d9%83%d9%84%d9%8a%d8%a9-%d8%a7%d9%84%d9%87%d9%86%d8%af%d8%b3%d8%a9-%d8%a7%d9%84%d9%85%d8%af%d9%86%d9%8a%d8%a9-%d9%88-%d8%a7%d9%84%d9%87%d9%86%d8%af%d8%b3%d8%a9-%d8%a7%d9%84%d9%85%d8%b9%d9%85%d8%a7-76\/\" aria-label=\"Read more about Facult\u00e9 de G\u00e9nie Civil et d&rsquo;Architecture : Activit\u00e9s de la journ\u00e9e du concours \u00ab D\u00e9fi du Pont en Bois \u00bb au D\u00e9partement de G\u00e9nie Civil\" tabindex=\"-1\" >\n\t\t\tLire la suite \u00bb\t\t<\/a>\n\n\t\t\t\t\t<\/div>\n\t\t\t\t<\/div>\n\t\t\t\t<div class=\"elementor-post__meta-data\">\n\t\t\t\t\t<span class=\"elementor-post-date\">\n\t\t\tnovembre 30, 2024\t\t<\/span>\n\t\t\t\t<\/div>\n\t\t\t\t\t<\/div>\n\t\t<\/article>\n\t\t\t\t<article class=\"elementor-post elementor-grid-item post-61971 post type-post status-publish format-standard has-post-thumbnail hentry category-annonce-fr category-civil category-civil_architecture category-civil_civil\" role=\"listitem\">\n\t\t\t<div class=\"elementor-post__card\">\n\t\t\t\t<a class=\"elementor-post__thumbnail__link\" href=\"https:\/\/lagh-univ.dz\/fr\/%d9%83%d9%84%d9%8a%d8%a9-%d8%a7%d9%84%d9%87%d9%86%d8%af%d8%b3%d8%a9-%d8%a7%d9%84%d9%85%d8%af%d9%86%d9%8a%d8%a9-%d9%88-%d8%a7%d9%84%d9%87%d9%86%d8%af%d8%b3%d8%a9-%d8%a7%d9%84%d9%85%d8%b9%d9%85%d8%a7-71\/\" tabindex=\"-1\" ><div class=\"elementor-post__thumbnail\"><img decoding=\"async\" width=\"4961\" height=\"3544\" src=\"https:\/\/lagh-univ.dz\/wp-content\/uploads\/2024\/11\/Affihe-finale-CPND-AUMV-UATL-Nov2024-Modifee-1_page-0001-1.jpg\" class=\"attachment-full size-full wp-image-61961\" alt=\"\" srcset=\"https:\/\/lagh-univ.dz\/wp-content\/uploads\/2024\/11\/Affihe-finale-CPND-AUMV-UATL-Nov2024-Modifee-1_page-0001-1.jpg 4961w, https:\/\/lagh-univ.dz\/wp-content\/uploads\/2024\/11\/Affihe-finale-CPND-AUMV-UATL-Nov2024-Modifee-1_page-0001-1-300x214.jpg 300w, https:\/\/lagh-univ.dz\/wp-content\/uploads\/2024\/11\/Affihe-finale-CPND-AUMV-UATL-Nov2024-Modifee-1_page-0001-1-1024x732.jpg 1024w, https:\/\/lagh-univ.dz\/wp-content\/uploads\/2024\/11\/Affihe-finale-CPND-AUMV-UATL-Nov2024-Modifee-1_page-0001-1-768x549.jpg 768w, https:\/\/lagh-univ.dz\/wp-content\/uploads\/2024\/11\/Affihe-finale-CPND-AUMV-UATL-Nov2024-Modifee-1_page-0001-1-1536x1097.jpg 1536w, https:\/\/lagh-univ.dz\/wp-content\/uploads\/2024\/11\/Affihe-finale-CPND-AUMV-UATL-Nov2024-Modifee-1_page-0001-1-2048x1463.jpg 2048w\" sizes=\"(max-width: 4961px) 100vw, 4961px\" \/><\/div><\/a>\n\t\t\t\t<div class=\"elementor-post__text\">\n\t\t\t\t<h5 class=\"elementor-post__title\">\n\t\t\t<a href=\"https:\/\/lagh-univ.dz\/fr\/%d9%83%d9%84%d9%8a%d8%a9-%d8%a7%d9%84%d9%87%d9%86%d8%af%d8%b3%d8%a9-%d8%a7%d9%84%d9%85%d8%af%d9%86%d9%8a%d8%a9-%d9%88-%d8%a7%d9%84%d9%87%d9%86%d8%af%d8%b3%d8%a9-%d8%a7%d9%84%d9%85%d8%b9%d9%85%d8%a7-71\/\" >\n\t\t\t\t\u0643\u0644\u064a\u0629 \u0627\u0644\u0647\u0646\u062f\u0633\u0629 \u0627\u0644\u0645\u062f\u0646\u064a\u0629 \u0648 \u0627\u0644\u0647\u0646\u062f\u0633\u0629 \u0627\u0644\u0645\u0639\u0645\u0627\u0631\u064a\u0629: \u062a\u0646\u0638\u0645 \u0627\u0644\u062f\u0648\u0631\u0629 \u0627\u0644\u0623\u0648\u0644\u0649 \u0644\u0644\u062c\u0646\u0629 \u0627\u0644\u0628\u064a\u062f\u0627\u063a\u0648\u062c\u064a\u0629 \u0627\u0644\u0648\u0637\u0646\u064a\u0629 \u0644\u0645\u064a\u062f\u0627\u0646 \u0627\u0644\u0647\u0646\u062f\u0633\u0629 \u0627\u0644\u0645\u0639\u0645\u0627\u0631\u064a\u0629 \u060c\u0627\u0644\u0639\u0645\u0631\u0627\u0646 \u0648 \u0645\u0647\u0646 \u0627\u0644\u0645\u062f\u064a\u0646\u0629 \u0623\u064a\u0627\u0645 16-17-18\u0646\u0648\u0641\u0645\u0628\u0631 2024\t\t\t<\/a>\n\t\t<\/h5>\n\t\t\t\t\t<div class=\"elementor-post__read-more-wrapper\">\n\t\t\n\t\t<a class=\"elementor-post__read-more\" href=\"https:\/\/lagh-univ.dz\/fr\/%d9%83%d9%84%d9%8a%d8%a9-%d8%a7%d9%84%d9%87%d9%86%d8%af%d8%b3%d8%a9-%d8%a7%d9%84%d9%85%d8%af%d9%86%d9%8a%d8%a9-%d9%88-%d8%a7%d9%84%d9%87%d9%86%d8%af%d8%b3%d8%a9-%d8%a7%d9%84%d9%85%d8%b9%d9%85%d8%a7-71\/\" aria-label=\"Read more about \u0643\u0644\u064a\u0629 \u0627\u0644\u0647\u0646\u062f\u0633\u0629 \u0627\u0644\u0645\u062f\u0646\u064a\u0629 \u0648 \u0627\u0644\u0647\u0646\u062f\u0633\u0629 \u0627\u0644\u0645\u0639\u0645\u0627\u0631\u064a\u0629: \u062a\u0646\u0638\u0645 \u0627\u0644\u062f\u0648\u0631\u0629 \u0627\u0644\u0623\u0648\u0644\u0649 \u0644\u0644\u062c\u0646\u0629 \u0627\u0644\u0628\u064a\u062f\u0627\u063a\u0648\u062c\u064a\u0629 \u0627\u0644\u0648\u0637\u0646\u064a\u0629 \u0644\u0645\u064a\u062f\u0627\u0646 \u0627\u0644\u0647\u0646\u062f\u0633\u0629 \u0627\u0644\u0645\u0639\u0645\u0627\u0631\u064a\u0629 \u060c\u0627\u0644\u0639\u0645\u0631\u0627\u0646 \u0648 \u0645\u0647\u0646 \u0627\u0644\u0645\u062f\u064a\u0646\u0629 \u0623\u064a\u0627\u0645 16-17-18\u0646\u0648\u0641\u0645\u0628\u0631 2024\" tabindex=\"-1\" >\n\t\t\tLire la suite \u00bb\t\t<\/a>\n\n\t\t\t\t\t<\/div>\n\t\t\t\t<\/div>\n\t\t\t\t<div class=\"elementor-post__meta-data\">\n\t\t\t\t\t<span class=\"elementor-post-date\">\n\t\t\tnovembre 14, 2024\t\t<\/span>\n\t\t\t\t<\/div>\n\t\t\t\t\t<\/div>\n\t\t<\/article>\n\t\t\t\t<article class=\"elementor-post elementor-grid-item post-61980 post type-post status-publish format-standard has-post-thumbnail hentry category-annonce-fr category-civil category-civil_architecture category-civil_civil\" role=\"listitem\">\n\t\t\t<div class=\"elementor-post__card\">\n\t\t\t\t<a class=\"elementor-post__thumbnail__link\" href=\"https:\/\/lagh-univ.dz\/fr\/%d9%83%d9%84%d9%8a%d8%a9-%d8%a7%d9%84%d9%87%d9%86%d8%af%d8%b3%d8%a9-%d8%a7%d9%84%d9%85%d8%af%d9%86%d9%8a%d8%a9-%d9%88-%d8%a7%d9%84%d9%87%d9%86%d8%af%d8%b3%d8%a9-%d8%a7%d9%84%d9%85%d8%b9%d9%85%d8%a7-71\/\" tabindex=\"-1\" ><div class=\"elementor-post__thumbnail\"><img decoding=\"async\" width=\"4961\" height=\"3544\" src=\"https:\/\/lagh-univ.dz\/wp-content\/uploads\/2024\/11\/Affihe-finale-CPND-AUMV-UATL-Nov2024-Modifee-1_page-0001-1.jpg\" class=\"attachment-full size-full wp-image-61961\" alt=\"\" srcset=\"https:\/\/lagh-univ.dz\/wp-content\/uploads\/2024\/11\/Affihe-finale-CPND-AUMV-UATL-Nov2024-Modifee-1_page-0001-1.jpg 4961w, https:\/\/lagh-univ.dz\/wp-content\/uploads\/2024\/11\/Affihe-finale-CPND-AUMV-UATL-Nov2024-Modifee-1_page-0001-1-300x214.jpg 300w, https:\/\/lagh-univ.dz\/wp-content\/uploads\/2024\/11\/Affihe-finale-CPND-AUMV-UATL-Nov2024-Modifee-1_page-0001-1-1024x732.jpg 1024w, https:\/\/lagh-univ.dz\/wp-content\/uploads\/2024\/11\/Affihe-finale-CPND-AUMV-UATL-Nov2024-Modifee-1_page-0001-1-768x549.jpg 768w, https:\/\/lagh-univ.dz\/wp-content\/uploads\/2024\/11\/Affihe-finale-CPND-AUMV-UATL-Nov2024-Modifee-1_page-0001-1-1536x1097.jpg 1536w, https:\/\/lagh-univ.dz\/wp-content\/uploads\/2024\/11\/Affihe-finale-CPND-AUMV-UATL-Nov2024-Modifee-1_page-0001-1-2048x1463.jpg 2048w\" sizes=\"(max-width: 4961px) 100vw, 4961px\" \/><\/div><\/a>\n\t\t\t\t<div class=\"elementor-post__text\">\n\t\t\t\t<h5 class=\"elementor-post__title\">\n\t\t\t<a href=\"https:\/\/lagh-univ.dz\/fr\/%d9%83%d9%84%d9%8a%d8%a9-%d8%a7%d9%84%d9%87%d9%86%d8%af%d8%b3%d8%a9-%d8%a7%d9%84%d9%85%d8%af%d9%86%d9%8a%d8%a9-%d9%88-%d8%a7%d9%84%d9%87%d9%86%d8%af%d8%b3%d8%a9-%d8%a7%d9%84%d9%85%d8%b9%d9%85%d8%a7-71\/\" >\n\t\t\t\t\u0643\u0644\u064a\u0629 \u0627\u0644\u0647\u0646\u062f\u0633\u0629 \u0627\u0644\u0645\u062f\u0646\u064a\u0629 \u0648 \u0627\u0644\u0647\u0646\u062f\u0633\u0629 \u0627\u0644\u0645\u0639\u0645\u0627\u0631\u064a\u0629: \u062a\u0646\u0638\u0645 \u0627\u0644\u062f\u0648\u0631\u0629 \u0627\u0644\u0623\u0648\u0644\u0649 \u0644\u0644\u062c\u0646\u0629 \u0627\u0644\u0628\u064a\u062f\u0627\u063a\u0648\u062c\u064a\u0629 \u0627\u0644\u0648\u0637\u0646\u064a\u0629 \u0644\u0645\u064a\u062f\u0627\u0646 \u0627\u0644\u0647\u0646\u062f\u0633\u0629 \u0627\u0644\u0645\u0639\u0645\u0627\u0631\u064a\u0629 \u060c\u0627\u0644\u0639\u0645\u0631\u0627\u0646 \u0648 \u0645\u0647\u0646 \u0627\u0644\u0645\u062f\u064a\u0646\u0629 \u0623\u064a\u0627\u0645 16-17-18\u0646\u0648\u0641\u0645\u0628\u0631 2024\t\t\t<\/a>\n\t\t<\/h5>\n\t\t\t\t\t<div class=\"elementor-post__read-more-wrapper\">\n\t\t\n\t\t<a class=\"elementor-post__read-more\" href=\"https:\/\/lagh-univ.dz\/fr\/%d9%83%d9%84%d9%8a%d8%a9-%d8%a7%d9%84%d9%87%d9%86%d8%af%d8%b3%d8%a9-%d8%a7%d9%84%d9%85%d8%af%d9%86%d9%8a%d8%a9-%d9%88-%d8%a7%d9%84%d9%87%d9%86%d8%af%d8%b3%d8%a9-%d8%a7%d9%84%d9%85%d8%b9%d9%85%d8%a7-71\/\" aria-label=\"Read more about \u0643\u0644\u064a\u0629 \u0627\u0644\u0647\u0646\u062f\u0633\u0629 \u0627\u0644\u0645\u062f\u0646\u064a\u0629 \u0648 \u0627\u0644\u0647\u0646\u062f\u0633\u0629 \u0627\u0644\u0645\u0639\u0645\u0627\u0631\u064a\u0629: \u062a\u0646\u0638\u0645 \u0627\u0644\u062f\u0648\u0631\u0629 \u0627\u0644\u0623\u0648\u0644\u0649 \u0644\u0644\u062c\u0646\u0629 \u0627\u0644\u0628\u064a\u062f\u0627\u063a\u0648\u062c\u064a\u0629 \u0627\u0644\u0648\u0637\u0646\u064a\u0629 \u0644\u0645\u064a\u062f\u0627\u0646 \u0627\u0644\u0647\u0646\u062f\u0633\u0629 \u0627\u0644\u0645\u0639\u0645\u0627\u0631\u064a\u0629 \u060c\u0627\u0644\u0639\u0645\u0631\u0627\u0646 \u0648 \u0645\u0647\u0646 \u0627\u0644\u0645\u062f\u064a\u0646\u0629 \u0623\u064a\u0627\u0645 16-17-18\u0646\u0648\u0641\u0645\u0628\u0631 2024\" tabindex=\"-1\" >\n\t\t\tLire la suite \u00bb\t\t<\/a>\n\n\t\t\t\t\t<\/div>\n\t\t\t\t<\/div>\n\t\t\t\t<div class=\"elementor-post__meta-data\">\n\t\t\t\t\t<span class=\"elementor-post-date\">\n\t\t\tnovembre 14, 2024\t\t<\/span>\n\t\t\t\t<\/div>\n\t\t\t\t\t<\/div>\n\t\t<\/article>\n\t\t\t\t<article class=\"elementor-post elementor-grid-item post-58609 post type-post status-publish format-standard has-post-thumbnail hentry category-civil category-civil_architecture category-civil_civil\" role=\"listitem\">\n\t\t\t<div class=\"elementor-post__card\">\n\t\t\t\t<a class=\"elementor-post__thumbnail__link\" href=\"https:\/\/lagh-univ.dz\/fr\/faculte-de-genie-civil-et-darchitecture-une-journee-detude-et-de-formation-sur-lexploration-des-plateformes-google-cloud-dans-le-domaine-de-la-teledetection-le-mardi-30-avril-2024\/\" tabindex=\"-1\" ><div class=\"elementor-post__thumbnail\"><img decoding=\"async\" width=\"412\" height=\"158\" src=\"https:\/\/lagh-univ.dz\/wp-content\/uploads\/2024\/04\/Screenshot-2024-04-05-at-01.02.22.png\" class=\"attachment-full size-full wp-image-58566\" alt=\"\" srcset=\"https:\/\/lagh-univ.dz\/wp-content\/uploads\/2024\/04\/Screenshot-2024-04-05-at-01.02.22.png 412w, https:\/\/lagh-univ.dz\/wp-content\/uploads\/2024\/04\/Screenshot-2024-04-05-at-01.02.22-300x115.png 300w\" sizes=\"(max-width: 412px) 100vw, 412px\" \/><\/div><\/a>\n\t\t\t\t<div class=\"elementor-post__text\">\n\t\t\t\t<h5 class=\"elementor-post__title\">\n\t\t\t<a href=\"https:\/\/lagh-univ.dz\/fr\/faculte-de-genie-civil-et-darchitecture-une-journee-detude-et-de-formation-sur-lexploration-des-plateformes-google-cloud-dans-le-domaine-de-la-teledetection-le-mardi-30-avril-2024\/\" >\n\t\t\t\tFacult\u00e9 de G\u00e9nie Civil et d&rsquo;Architecture : Une journ\u00e9e d&rsquo;\u00e9tude et de formation sur l&rsquo;exploration des plateformes Google Cloud dans le domaine de la t\u00e9l\u00e9d\u00e9tection le mardi 30 avril 2024.\t\t\t<\/a>\n\t\t<\/h5>\n\t\t\t\t\t<div class=\"elementor-post__read-more-wrapper\">\n\t\t\n\t\t<a class=\"elementor-post__read-more\" href=\"https:\/\/lagh-univ.dz\/fr\/faculte-de-genie-civil-et-darchitecture-une-journee-detude-et-de-formation-sur-lexploration-des-plateformes-google-cloud-dans-le-domaine-de-la-teledetection-le-mardi-30-avril-2024\/\" aria-label=\"Read more about Facult\u00e9 de G\u00e9nie Civil et d&rsquo;Architecture : Une journ\u00e9e d&rsquo;\u00e9tude et de formation sur l&rsquo;exploration des plateformes Google Cloud dans le domaine de la t\u00e9l\u00e9d\u00e9tection le mardi 30 avril 2024.\" tabindex=\"-1\" >\n\t\t\tLire la suite \u00bb\t\t<\/a>\n\n\t\t\t\t\t<\/div>\n\t\t\t\t<\/div>\n\t\t\t\t<div class=\"elementor-post__meta-data\">\n\t\t\t\t\t<span class=\"elementor-post-date\">\n\t\t\tavril 5, 2024\t\t<\/span>\n\t\t\t\t<\/div>\n\t\t\t\t\t<\/div>\n\t\t<\/article>\n\t\t\t\t<article class=\"elementor-post elementor-grid-item post-58434 post type-post status-publish format-standard has-post-thumbnail hentry category-civil category-civil_architecture category-civil_civil\" role=\"listitem\">\n\t\t\t<div class=\"elementor-post__card\">\n\t\t\t\t<a class=\"elementor-post__thumbnail__link\" href=\"https:\/\/lagh-univ.dz\/fr\/faculte-de-genie-civil-et-darchitecture-organise-le-quatrieme-journee-doctorale-de-faculte-de-genie-civil-et-darchitecture-le-jeudi-9-mai-2024-a-8h00mn-amphi-el-wiam\/\" tabindex=\"-1\" ><div class=\"elementor-post__thumbnail\"><img loading=\"lazy\" decoding=\"async\" width=\"4725\" height=\"6300\" src=\"https:\/\/lagh-univ.dz\/wp-content\/uploads\/2024\/03\/Fiche-publicitaire-04-journee-doctorale-modifiee-2_page-0001-1.jpg\" class=\"attachment-full size-full wp-image-58598\" alt=\"\" srcset=\"https:\/\/lagh-univ.dz\/wp-content\/uploads\/2024\/03\/Fiche-publicitaire-04-journee-doctorale-modifiee-2_page-0001-1.jpg 4725w, https:\/\/lagh-univ.dz\/wp-content\/uploads\/2024\/03\/Fiche-publicitaire-04-journee-doctorale-modifiee-2_page-0001-1-225x300.jpg 225w, https:\/\/lagh-univ.dz\/wp-content\/uploads\/2024\/03\/Fiche-publicitaire-04-journee-doctorale-modifiee-2_page-0001-1-768x1024.jpg 768w, https:\/\/lagh-univ.dz\/wp-content\/uploads\/2024\/03\/Fiche-publicitaire-04-journee-doctorale-modifiee-2_page-0001-1-1152x1536.jpg 1152w, https:\/\/lagh-univ.dz\/wp-content\/uploads\/2024\/03\/Fiche-publicitaire-04-journee-doctorale-modifiee-2_page-0001-1-1536x2048.jpg 1536w\" sizes=\"(max-width: 4725px) 100vw, 4725px\" \/><\/div><\/a>\n\t\t\t\t<div class=\"elementor-post__text\">\n\t\t\t\t<h5 class=\"elementor-post__title\">\n\t\t\t<a href=\"https:\/\/lagh-univ.dz\/fr\/faculte-de-genie-civil-et-darchitecture-organise-le-quatrieme-journee-doctorale-de-faculte-de-genie-civil-et-darchitecture-le-jeudi-9-mai-2024-a-8h00mn-amphi-el-wiam\/\" >\n\t\t\t\tFacult\u00e9 de g\u00e9nie civil et d&rsquo;architecture : Organise le Quatri\u00e9m\u00e9 journ\u00e9e Doctorale de Facult\u00e9 de g\u00e9nie civil et  d\u2019architecture le :Jeudi 9 Mai 2024 \u00e0 8h00mn &#8211; Amphi el Wiam\t\t\t<\/a>\n\t\t<\/h5>\n\t\t\t\t\t<div class=\"elementor-post__read-more-wrapper\">\n\t\t\n\t\t<a class=\"elementor-post__read-more\" href=\"https:\/\/lagh-univ.dz\/fr\/faculte-de-genie-civil-et-darchitecture-organise-le-quatrieme-journee-doctorale-de-faculte-de-genie-civil-et-darchitecture-le-jeudi-9-mai-2024-a-8h00mn-amphi-el-wiam\/\" aria-label=\"Read more about Facult\u00e9 de g\u00e9nie civil et d&rsquo;architecture : Organise le Quatri\u00e9m\u00e9 journ\u00e9e Doctorale de Facult\u00e9 de g\u00e9nie civil et  d\u2019architecture le :Jeudi 9 Mai 2024 \u00e0 8h00mn &#8211; Amphi el Wiam\" tabindex=\"-1\" >\n\t\t\tLire la suite \u00bb\t\t<\/a>\n\n\t\t\t\t\t<\/div>\n\t\t\t\t<\/div>\n\t\t\t\t<div class=\"elementor-post__meta-data\">\n\t\t\t\t\t<span class=\"elementor-post-date\">\n\t\t\tmars 31, 2024\t\t<\/span>\n\t\t\t\t<\/div>\n\t\t\t\t\t<\/div>\n\t\t<\/article>\n\t\t\t\t<article class=\"elementor-post elementor-grid-item post-56451 post type-post status-publish format-standard has-post-thumbnail hentry category-civil category-civil_architecture\" role=\"listitem\">\n\t\t\t<div class=\"elementor-post__card\">\n\t\t\t\t<a class=\"elementor-post__thumbnail__link\" href=\"https:\/\/lagh-univ.dz\/fr\/faculte-de-genie-civil-et-darchitecture-et-departement-darchitecture-organise-une-conference-sur-le-role-des-architectes-et-des-urbanistes-dans-la-transition-ecologique-et-sociale-de-l\/\" tabindex=\"-1\" ><div class=\"elementor-post__thumbnail\"><img loading=\"lazy\" decoding=\"async\" width=\"280\" height=\"280\" src=\"https:\/\/lagh-univ.dz\/wp-content\/uploads\/2023\/12\/Algiers_montage2.jpg\" class=\"attachment-full size-full wp-image-56441\" alt=\"\" srcset=\"https:\/\/lagh-univ.dz\/wp-content\/uploads\/2023\/12\/Algiers_montage2.jpg 280w, https:\/\/lagh-univ.dz\/wp-content\/uploads\/2023\/12\/Algiers_montage2-150x150.jpg 150w\" sizes=\"(max-width: 280px) 100vw, 280px\" \/><\/div><\/a>\n\t\t\t\t<div class=\"elementor-post__text\">\n\t\t\t\t<h5 class=\"elementor-post__title\">\n\t\t\t<a href=\"https:\/\/lagh-univ.dz\/fr\/faculte-de-genie-civil-et-darchitecture-et-departement-darchitecture-organise-une-conference-sur-le-role-des-architectes-et-des-urbanistes-dans-la-transition-ecologique-et-sociale-de-l\/\" >\n\t\t\t\tFacult\u00e9 de g\u00e9nie civil et d&rsquo;architecture et d\u00e9partement D&rsquo;architecture : organise une conf\u00e9rence sur :Le r\u00f4le des architectes et des urbanistes dans la transition \u00e9cologique et sociale de l\u2019Alg\u00e9rie  le 12 D\u00e9cembre 2023\t\t\t<\/a>\n\t\t<\/h5>\n\t\t\t\t\t<div class=\"elementor-post__read-more-wrapper\">\n\t\t\n\t\t<a class=\"elementor-post__read-more\" href=\"https:\/\/lagh-univ.dz\/fr\/faculte-de-genie-civil-et-darchitecture-et-departement-darchitecture-organise-une-conference-sur-le-role-des-architectes-et-des-urbanistes-dans-la-transition-ecologique-et-sociale-de-l\/\" aria-label=\"Read more about Facult\u00e9 de g\u00e9nie civil et d&rsquo;architecture et d\u00e9partement D&rsquo;architecture : organise une conf\u00e9rence sur :Le r\u00f4le des architectes et des urbanistes dans la transition \u00e9cologique et sociale de l\u2019Alg\u00e9rie  le 12 D\u00e9cembre 2023\" tabindex=\"-1\" >\n\t\t\tLire la suite \u00bb\t\t<\/a>\n\n\t\t\t\t\t<\/div>\n\t\t\t\t<\/div>\n\t\t\t\t<div class=\"elementor-post__meta-data\">\n\t\t\t\t\t<span class=\"elementor-post-date\">\n\t\t\td\u00e9cembre 11, 2023\t\t<\/span>\n\t\t\t\t<\/div>\n\t\t\t\t\t<\/div>\n\t\t<\/article>\n\t\t\t\t<article class=\"elementor-post elementor-grid-item post-55759 post type-post status-publish format-standard has-post-thumbnail hentry category-civil\" role=\"listitem\">\n\t\t\t<div class=\"elementor-post__card\">\n\t\t\t\t<a class=\"elementor-post__thumbnail__link\" href=\"https:\/\/lagh-univ.dz\/fr\/faculte-de-genie-civil-et-darchitecture-departement-darchitecture-organise-conference-debat-03-12-2023-intitulee-retour-dexperience-sur-quelques-realisations-architecturales-et-complexite-du\/\" tabindex=\"-1\" ><div class=\"elementor-post__thumbnail\"><img loading=\"lazy\" decoding=\"async\" width=\"1008\" height=\"1344\" src=\"https:\/\/lagh-univ.dz\/wp-content\/uploads\/2023\/11\/FB_IMG_1701378236814.jpg\" class=\"attachment-full size-full wp-image-55667\" alt=\"\" srcset=\"https:\/\/lagh-univ.dz\/wp-content\/uploads\/2023\/11\/FB_IMG_1701378236814.jpg 1008w, https:\/\/lagh-univ.dz\/wp-content\/uploads\/2023\/11\/FB_IMG_1701378236814-225x300.jpg 225w, https:\/\/lagh-univ.dz\/wp-content\/uploads\/2023\/11\/FB_IMG_1701378236814-768x1024.jpg 768w\" sizes=\"(max-width: 1008px) 100vw, 1008px\" \/><\/div><\/a>\n\t\t\t\t<div class=\"elementor-post__text\">\n\t\t\t\t<h5 class=\"elementor-post__title\">\n\t\t\t<a href=\"https:\/\/lagh-univ.dz\/fr\/faculte-de-genie-civil-et-darchitecture-departement-darchitecture-organise-conference-debat-03-12-2023-intitulee-retour-dexperience-sur-quelques-realisations-architecturales-et-complexite-du\/\" >\n\t\t\t\tFacult\u00e9 de g\u00e9nie civil et d&rsquo;architecture &amp; D\u00e9partement d&rsquo;architecture organise CONFERENCE\/ DEBAT 03\/12\/2023 Intitul\u00e9e : Retour d&rsquo;exp\u00e9rience sur quelques r\u00e9alisations architecturales et complexit\u00e9 du processus de la ma\u00eetrise d&rsquo;\u0153uvre en architecture\t\t\t<\/a>\n\t\t<\/h5>\n\t\t\t\t\t<div class=\"elementor-post__read-more-wrapper\">\n\t\t\n\t\t<a class=\"elementor-post__read-more\" href=\"https:\/\/lagh-univ.dz\/fr\/faculte-de-genie-civil-et-darchitecture-departement-darchitecture-organise-conference-debat-03-12-2023-intitulee-retour-dexperience-sur-quelques-realisations-architecturales-et-complexite-du\/\" aria-label=\"Read more about Facult\u00e9 de g\u00e9nie civil et d&rsquo;architecture &amp; D\u00e9partement d&rsquo;architecture organise CONFERENCE\/ DEBAT 03\/12\/2023 Intitul\u00e9e : Retour d&rsquo;exp\u00e9rience sur quelques r\u00e9alisations architecturales et complexit\u00e9 du processus de la ma\u00eetrise d&rsquo;\u0153uvre en architecture\" tabindex=\"-1\" >\n\t\t\tLire la suite \u00bb\t\t<\/a>\n\n\t\t\t\t\t<\/div>\n\t\t\t\t<\/div>\n\t\t\t\t<div class=\"elementor-post__meta-data\">\n\t\t\t\t\t<span class=\"elementor-post-date\">\n\t\t\td\u00e9cembre 1, 2023\t\t<\/span>\n\t\t\t\t<\/div>\n\t\t\t\t\t<\/div>\n\t\t<\/article>\n\t\t\t\t<article class=\"elementor-post elementor-grid-item post-55241 post type-post status-publish format-standard has-post-thumbnail hentry category-civil\" role=\"listitem\">\n\t\t\t<div class=\"elementor-post__card\">\n\t\t\t\t<a class=\"elementor-post__thumbnail__link\" href=\"https:\/\/lagh-univ.dz\/fr\/%d9%83%d9%84%d9%8a%d8%a9-%d8%a7%d9%84%d9%87%d9%86%d8%af%d8%b3%d8%a9-%d8%a7%d9%84%d9%85%d8%af%d9%86%d9%8a%d8%a9-%d9%88-%d8%a7%d9%84%d9%85%d8%b9%d9%85%d8%a7%d8%b1%d9%8a%d8%a9-%d9%85%d8%ad%d8%a7%d8%b6\/\" tabindex=\"-1\" ><div class=\"elementor-post__thumbnail\"><img loading=\"lazy\" decoding=\"async\" width=\"1575\" height=\"2100\" src=\"https:\/\/lagh-univ.dz\/wp-content\/uploads\/2023\/11\/confe\u0301rence-Allag-site_page-0001-1.jpg\" class=\"attachment-full size-full wp-image-55237\" alt=\"\" srcset=\"https:\/\/lagh-univ.dz\/wp-content\/uploads\/2023\/11\/confe\u0301rence-Allag-site_page-0001-1.jpg 1575w, https:\/\/lagh-univ.dz\/wp-content\/uploads\/2023\/11\/confe\u0301rence-Allag-site_page-0001-1-225x300.jpg 225w, https:\/\/lagh-univ.dz\/wp-content\/uploads\/2023\/11\/confe\u0301rence-Allag-site_page-0001-1-768x1024.jpg 768w, https:\/\/lagh-univ.dz\/wp-content\/uploads\/2023\/11\/confe\u0301rence-Allag-site_page-0001-1-1152x1536.jpg 1152w, https:\/\/lagh-univ.dz\/wp-content\/uploads\/2023\/11\/confe\u0301rence-Allag-site_page-0001-1-1536x2048.jpg 1536w, https:\/\/lagh-univ.dz\/wp-content\/uploads\/2023\/11\/confe\u0301rence-Allag-site_page-0001-1-113x150.jpg 113w\" sizes=\"(max-width: 1575px) 100vw, 1575px\" \/><\/div><\/a>\n\t\t\t\t<div class=\"elementor-post__text\">\n\t\t\t\t<h5 class=\"elementor-post__title\">\n\t\t\t<a href=\"https:\/\/lagh-univ.dz\/fr\/%d9%83%d9%84%d9%8a%d8%a9-%d8%a7%d9%84%d9%87%d9%86%d8%af%d8%b3%d8%a9-%d8%a7%d9%84%d9%85%d8%af%d9%86%d9%8a%d8%a9-%d9%88-%d8%a7%d9%84%d9%85%d8%b9%d9%85%d8%a7%d8%b1%d9%8a%d8%a9-%d9%85%d8%ad%d8%a7%d8%b6\/\" >\n\t\t\t\tFacult\u00e9 de G\u00e9nie Civil et d&rsquo;Architecture : conf\u00e9rence intitul\u00e9 101 Project d&rsquo;Architecture en Alg\u00e9rie\t\t\t<\/a>\n\t\t<\/h5>\n\t\t\t\t\t<div class=\"elementor-post__read-more-wrapper\">\n\t\t\n\t\t<a class=\"elementor-post__read-more\" href=\"https:\/\/lagh-univ.dz\/fr\/%d9%83%d9%84%d9%8a%d8%a9-%d8%a7%d9%84%d9%87%d9%86%d8%af%d8%b3%d8%a9-%d8%a7%d9%84%d9%85%d8%af%d9%86%d9%8a%d8%a9-%d9%88-%d8%a7%d9%84%d9%85%d8%b9%d9%85%d8%a7%d8%b1%d9%8a%d8%a9-%d9%85%d8%ad%d8%a7%d8%b6\/\" aria-label=\"Read more about Facult\u00e9 de G\u00e9nie Civil et d&rsquo;Architecture : conf\u00e9rence intitul\u00e9 101 Project d&rsquo;Architecture en Alg\u00e9rie\" tabindex=\"-1\" >\n\t\t\tLire la suite \u00bb\t\t<\/a>\n\n\t\t\t\t\t<\/div>\n\t\t\t\t<\/div>\n\t\t\t\t<div class=\"elementor-post__meta-data\">\n\t\t\t\t\t<span class=\"elementor-post-date\">\n\t\t\tnovembre 20, 2023\t\t<\/span>\n\t\t\t\t<\/div>\n\t\t\t\t\t<\/div>\n\t\t<\/article>\n\t\t\t\t<\/div>\n\t\t\t\t\t<span class=\"e-load-more-spinner\">\n\t\t\t\t<i aria-hidden=\"true\" class=\"fas fa-spinner\"><\/i>\t\t\t<\/span>\n\t\t\n\t\t\t\t\t\t<\/div>\n\t\t\t\t<\/div>\n\t\t\t\t\t<\/div>\n\t\t<\/div>\n\t\t\t\t\t<\/div>\n\t\t<\/section>\n\t\t\t\t<\/div>\n\t\t","protected":false},"excerpt":{"rendered":"<p>Actualit\u00e9s 01 \/ 12 : Facult\u00e9 de g\u00e9nie civil et d&#8217;architecture &amp; D\u00e9partement d&#8217;architecture organise CONFERENCE\/ DEBAT 03\/12\/2023 Intitul\u00e9e : Retour d&#8217;exp\u00e9rience sur quelques r\u00e9alisations<\/p>\n","protected":false},"author":1,"featured_media":0,"parent":6792,"menu_order":0,"comment_status":"closed","ping_status":"closed","template":"elementor_header_footer","meta":{"_exactmetrics_skip_tracking":false,"_exactmetrics_sitenote_active":false,"_exactmetrics_sitenote_note":"","_exactmetrics_sitenote_category":0,"footnotes":""},"coauthors":[217],"class_list":["post-55618","page","type-page","status-publish","hentry"],"_links":{"self":[{"href":"https:\/\/lagh-univ.dz\/fr\/wp-json\/wp\/v2\/pages\/55618","targetHints":{"allow":["GET"]}}],"collection":[{"href":"https:\/\/lagh-univ.dz\/fr\/wp-json\/wp\/v2\/pages"}],"about":[{"href":"https:\/\/lagh-univ.dz\/fr\/wp-json\/wp\/v2\/types\/page"}],"author":[{"embeddable":true,"href":"https:\/\/lagh-univ.dz\/fr\/wp-json\/wp\/v2\/users\/1"}],"replies":[{"embeddable":true,"href":"https:\/\/lagh-univ.dz\/fr\/wp-json\/wp\/v2\/comments?post=55618"}],"version-history":[{"count":4,"href":"https:\/\/lagh-univ.dz\/fr\/wp-json\/wp\/v2\/pages\/55618\/revisions"}],"predecessor-version":[{"id":55916,"href":"https:\/\/lagh-univ.dz\/fr\/wp-json\/wp\/v2\/pages\/55618\/revisions\/55916"}],"up":[{"embeddable":true,"href":"https:\/\/lagh-univ.dz\/fr\/wp-json\/wp\/v2\/pages\/6792"}],"wp:attachment":[{"href":"https:\/\/lagh-univ.dz\/fr\/wp-json\/wp\/v2\/media?parent=55618"}],"wp:term":[{"taxonomy":"author","embeddable":true,"href":"https:\/\/lagh-univ.dz\/fr\/wp-json\/wp\/v2\/coauthors?post=55618"}],"curies":[{"name":"wp","href":"https:\/\/api.w.org\/{rel}","templated":true}]}}