{"id":6789,"date":"2018-05-19T17:05:51","date_gmt":"2018-05-19T17:05:51","guid":{"rendered":"https:\/\/lagh-univ.dz\/faculte-de-la-medcine\/"},"modified":"2020-02-18T07:58:56","modified_gmt":"2020-02-18T09:58:56","slug":"faculte-de-la-medcine","status":"publish","type":"page","link":"https:\/\/lagh-univ.dz\/fr\/faculte-de-la-medcine\/","title":{"rendered":"FACULT\u00c9 DE LA M\u00c9DCINE"},"content":{"rendered":"<p dir=\"ltr\"><span style=\"font-size: 18pt;font-family: Book Antiqua, Palatino;color: #000080\"><strong>Pr\u00e9sentation de la facult\u00e9<\/strong><\/span><\/p>\n<p dir=\"ltr\"><span style=\"font-size: 14pt;font-family: Book Antiqua, Palatino;color: #000000\">La facult\u00e9 de m\u00e9decine est l\u2019une des<span style=\"color: #800000\"><strong> 10<\/strong> <\/span>composantes de l\u2019universit\u00e9 de Laghouat. Cr\u00e9e en <strong><span style=\"color: #800000\">2013<\/span><\/strong>, c\u2019est aussi l\u2019une des trois facult\u00e9s de m\u00e9decine ouvertes au sud de l\u2019Alg\u00e9rie. Elle offre une formation sup\u00e9rieure de graduation selon le syst\u00e8me classique.<\/span><\/p>\n<p dir=\"ltr\"><span style=\"font-size: 14pt;font-family: Book Antiqua, Palatino;color: #000000\">Le lancement de la formation en m\u00e9decine \u00e0 l\u2019Universit\u00e9 \u00ab\u00a0Amar TELIDJI\u00a0\u00bb de Laghouat remonte \u00e0 l&rsquo;ann\u00e9e universitaire<span style=\"color: #800000\"><strong> 2014\/2015<\/strong> <\/span>apr\u00e8s la r\u00e9union de toutes les conditions pour son d\u00e9marrage selon les normes et mesures requises. Ce qui a fait du r\u00eave de cr\u00e9er une telle facult\u00e9 depuis <span style=\"color: #800000\">2011,<\/span> une r\u00e9alit\u00e9 concr\u00e8te.<\/span><\/p>\n<p dir=\"ltr\"><span style=\"font-size: 14pt;font-family: Book Antiqua, Palatino;color: #000000\">En effet, le projet de cr\u00e9ation d&rsquo;une facult\u00e9 de m\u00e9decine \u00e0 l&rsquo;Universit\u00e9 de Laghouat remonte \u00e0 l\u2019ann\u00e9e<span style=\"color: #800000\"> 2011<\/span>, \u00a0o\u00f9 les pouvoirs publics ont d\u00e9cid\u00e9 d&rsquo;ouvrir trois facult\u00e9s de m\u00e9decine dans les wilayas de\u00a0 B\u00e9char, Laghouat et Ouargla, dans le cadre de la strat\u00e9gie de l&rsquo;\u00c9tat alg\u00e9rien visant \u00e0 rapprocher les \u00e9tudes en sciences m\u00e9dicales pour les bacheliers du sud du pays.<\/span><\/p>\n<p><img fetchpriority=\"high\" decoding=\"async\" class=\" wp-image-24713 aligncenter\" src=\"https:\/\/lagh-univ.dz\/wp-content\/uploads\/2020\/02\/fac2-300x225.png\" alt=\"\" width=\"551\" height=\"414\" srcset=\"https:\/\/lagh-univ.dz\/wp-content\/uploads\/2020\/02\/fac2-300x225.png 300w, https:\/\/lagh-univ.dz\/wp-content\/uploads\/2020\/02\/fac2-768x576.png 768w, https:\/\/lagh-univ.dz\/wp-content\/uploads\/2020\/02\/fac2-1024x768.png 1024w, https:\/\/lagh-univ.dz\/wp-content\/uploads\/2020\/02\/fac2-340x255.png 340w, https:\/\/lagh-univ.dz\/wp-content\/uploads\/2020\/02\/fac2-250x188.png 250w\" sizes=\"(max-width: 551px) 100vw, 551px\" \/><\/p>\n<p>&nbsp;<\/p>\n<p dir=\"ltr\"><span style=\"font-size: 14pt;font-family: Book Antiqua, Palatino;color: #800000\"><strong>Aper\u00e7u sur la facult\u00e9<\/strong><\/span><\/p>\n<p dir=\"ltr\"><span style=\"font-size: 14pt;font-family: Book Antiqua, Palatino;color: #000000\">La Facult\u00e9 de m\u00e9decine de l&rsquo;Universit\u00e9 Amar TELIDJI de Laghouat a \u00e9t\u00e9 cr\u00e9\u00e9e par le d\u00e9cret ex\u00e9cutif n<strong> <span style=\"color: #008000\">\u00b0 13-101<\/span><\/strong> du <span style=\"color: #008000\"><strong>14<\/strong><\/span> mars <strong><span style=\"color: #008000\">2013<\/span><\/strong> modifiant et compl\u00e9tant le d\u00e9cret ex\u00e9cutif n \u00b0 <span style=\"color: #008000\"><strong>01-270<\/strong><\/span> du <span style=\"color: #008000\"><strong>18<\/strong><\/span> septembre <strong><span style=\"color: #008000\">2001<\/span><\/strong> portant cr\u00e9ation de l&rsquo;universit\u00e9 de Laghouat.<\/span><\/p>\n<p dir=\"ltr\"><span style=\"font-size: 14pt;font-family: Book Antiqua, Palatino;color: #000000\">A cette \u00e9poque, elle est devenue la septi\u00e8me facult\u00e9 au niveau de l&rsquo;Universit\u00e9 Amar TELIDJI de Laghouat. Les enseignements au sein de cette facult\u00e9 ont commenc\u00e9 \u00e0 \u00a0l&rsquo;ann\u00e9e universitaire <span style=\"color: #008000\"><strong>2014\/2015<\/strong> <\/span>pour enregistrer une premi\u00e8re promotion de <span style=\"color: #008000\"><strong>79<\/strong><\/span> nouveaux inscrits dans la fili\u00e8re Docteur en M\u00e9decine des wilayas de Laghouat, Djelfa et Gharda\u00efa.<\/span><\/p>\n<p dir=\"ltr\"><span style=\"font-size: 14pt;font-family: Book Antiqua, Palatino;color: #000000\">La facult\u00e9 de m\u00e9decine comprend actuellement : un d\u00e9partement\u00a0: le D\u00e9partement de m\u00e9decine, cr\u00e9\u00e9 conform\u00e9ment \u00e0 l\u2019arr\u00eat\u00e9 n \u00b0<span style=\"color: #008000\"><strong> 1151<\/strong> <\/span>du <strong><span style=\"color: #008000\">10\/11\/2015<\/span><\/strong>. Elle offre un enseignement dans la fili\u00e8re docteur en m\u00e9decine selon le syst\u00e8me de formation classique<\/span><\/p>\n<p>&nbsp;<\/p>\n<p>&nbsp;<\/p>\n<p><img decoding=\"async\" class=\" wp-image-24710 aligncenter\" src=\"https:\/\/lagh-univ.dz\/wp-content\/uploads\/2020\/02\/fac1-300x225.png\" alt=\"\" width=\"534\" height=\"400\" srcset=\"https:\/\/lagh-univ.dz\/wp-content\/uploads\/2020\/02\/fac1-300x225.png 300w, https:\/\/lagh-univ.dz\/wp-content\/uploads\/2020\/02\/fac1-768x576.png 768w, https:\/\/lagh-univ.dz\/wp-content\/uploads\/2020\/02\/fac1-1024x768.png 1024w, https:\/\/lagh-univ.dz\/wp-content\/uploads\/2020\/02\/fac1-340x255.png 340w, https:\/\/lagh-univ.dz\/wp-content\/uploads\/2020\/02\/fac1-250x188.png 250w\" sizes=\"(max-width: 534px) 100vw, 534px\" \/><\/p>\n<p>&nbsp;<\/p>\n<p dir=\"ltr\"><span style=\"font-size: 14pt;font-family: Book Antiqua, Palatino;color: #000000\"><strong>En <span style=\"color: #008000\">2016<\/span>, afin de marquer l&rsquo;importance de cet \u00e9difice scientifique et \u00e0 l&rsquo;occasion du trenti\u00e8me anniversaire de la cr\u00e9ation de l&rsquo;Universit\u00e9 de Laghouat, la Poste d&rsquo;Alg\u00e9rie a \u00e9mis un timbre-poste portant le nom de la facult\u00e9 de m\u00e9decine de Laghouat.<\/strong><\/span><\/p>\n<p>&nbsp;<\/p>\n<p><img decoding=\"async\" class=\" wp-image-24719 aligncenter\" src=\"https:\/\/lagh-univ.dz\/wp-content\/uploads\/2020\/02\/fac3.png\" alt=\"\" width=\"442\" height=\"313\" \/><\/p>\n<p>&nbsp;<\/p>\n<ul>\n<li style=\"text-align: left\"><span style=\"font-size: 14pt;font-family: Book Antiqua, Palatino;color: #000000\">Line\u00a0: <a style=\"color: #000000\" href=\"https:\/\/www.poste.dz\/philately\/s\/1223\">https:\/\/www.poste.dz\/philately\/s\/1223<\/a><\/span><\/li>\n<li style=\"text-align: left\"><span style=\"font-size: 14pt;font-family: Book Antiqua, Palatino;color: #000000\">Emmission N\u00b0 : 14\/2016<\/span><\/li>\n<li style=\"text-align: left\"><span style=\"font-size: 14pt;font-family: Book Antiqua, Palatino;color: #000000\">Dessin : Tahar Boukeroui<\/span><\/li>\n<li style=\"text-align: left\"><span style=\"font-size: 14pt;font-family: Book Antiqua, Palatino;color: #000000\">Prix : 25 DA<\/span><\/li>\n<li style=\"text-align: left\"><span style=\"font-size: 14pt;font-family: Book Antiqua, Palatino;color: #000000\">Taille : 43mm x 29mm<\/span><\/li>\n<\/ul>\n","protected":false},"excerpt":{"rendered":"<p>Pr\u00e9sentation de la facult\u00e9 La facult\u00e9 de m\u00e9decine est l\u2019une des 10 composantes de l\u2019universit\u00e9 de Laghouat. Cr\u00e9e en 2013, c\u2019est aussi l\u2019une des trois facult\u00e9s de m\u00e9decine ouvertes au sud de l\u2019Alg\u00e9rie. Elle offre une formation sup\u00e9rieure de graduation selon le syst\u00e8me classique. Le lancement de la formation en m\u00e9decine \u00e0 l\u2019Universit\u00e9 \u00ab\u00a0Amar TELIDJI\u00a0\u00bb [&hellip;]<\/p>\n","protected":false},"author":10,"featured_media":0,"parent":0,"menu_order":0,"comment_status":"closed","ping_status":"closed","template":"elementor_header_footer","meta":{"_exactmetrics_skip_tracking":false,"_exactmetrics_sitenote_active":false,"_exactmetrics_sitenote_note":"","_exactmetrics_sitenote_category":0,"footnotes":""},"coauthors":[528,217],"class_list":["post-6789","page","type-page","status-publish","hentry"],"_links":{"self":[{"href":"https:\/\/lagh-univ.dz\/fr\/wp-json\/wp\/v2\/pages\/6789","targetHints":{"allow":["GET"]}}],"collection":[{"href":"https:\/\/lagh-univ.dz\/fr\/wp-json\/wp\/v2\/pages"}],"about":[{"href":"https:\/\/lagh-univ.dz\/fr\/wp-json\/wp\/v2\/types\/page"}],"author":[{"embeddable":true,"href":"https:\/\/lagh-univ.dz\/fr\/wp-json\/wp\/v2\/users\/10"}],"replies":[{"embeddable":true,"href":"https:\/\/lagh-univ.dz\/fr\/wp-json\/wp\/v2\/comments?post=6789"}],"version-history":[{"count":34,"href":"https:\/\/lagh-univ.dz\/fr\/wp-json\/wp\/v2\/pages\/6789\/revisions"}],"predecessor-version":[{"id":28510,"href":"https:\/\/lagh-univ.dz\/fr\/wp-json\/wp\/v2\/pages\/6789\/revisions\/28510"}],"wp:attachment":[{"href":"https:\/\/lagh-univ.dz\/fr\/wp-json\/wp\/v2\/media?parent=6789"}],"wp:term":[{"taxonomy":"author","embeddable":true,"href":"https:\/\/lagh-univ.dz\/fr\/wp-json\/wp\/v2\/coauthors?post=6789"}],"curies":[{"name":"wp","href":"https:\/\/api.w.org\/{rel}","templated":true}]}}