{"id":6792,"date":"2018-07-23T19:47:41","date_gmt":"2018-07-23T19:47:41","guid":{"rendered":"https:\/\/lagh-univ.dz\/faculte-de-genie-civil-et-architecture\/"},"modified":"2021-01-31T08:11:30","modified_gmt":"2021-01-31T10:11:30","slug":"faculte-de-genie-civil-et-architecture","status":"publish","type":"page","link":"https:\/\/lagh-univ.dz\/fr\/faculte-de-genie-civil-et-architecture\/","title":{"rendered":"Facult\u00e9 de g\u00e9nie civil et architecture"},"content":{"rendered":"<div style=\"width: 800px;\" class=\"wp-video\"><!--[if lt IE 9]><script>document.createElement('video');<\/script><![endif]-->\n<video class=\"wp-video-shortcode\" id=\"video-6792-1\" width=\"800\" height=\"450\" preload=\"metadata\" controls=\"controls\"><source type=\"video\/mp4\" src=\"https:\/\/lagh-univ.dz\/wp-content\/uploads\/2021\/01\/MV_202101051022192038.mp4?_=1\" \/><a href=\"https:\/\/lagh-univ.dz\/wp-content\/uploads\/2021\/01\/MV_202101051022192038.mp4\">https:\/\/lagh-univ.dz\/wp-content\/uploads\/2021\/01\/MV_202101051022192038.mp4<\/a><\/video><\/div>\n<p class=\"western\" lang=\"en-US\" style=\"text-align: center\" align=\"left\"><strong><span style=\"color: #000000\"><em><span style=\"font-size: 14pt\"><span style=\"font-family: 'Book Antiqua', Palatino\">B<span style=\"color: #000000\">ienvenue \u00e0 la Facult\u00e9 de G\u00e9nie Civil et d\u2019Architecture de l\u2019Universit\u00e9 Ammar Telidji \u00e0 Laghouat lieu de connaissances, de passion et<\/span><\/span><\/span><\/em><\/span><\/strong><\/p>\n<p class=\"western\" lang=\"en-US\" style=\"text-align: center\" align=\"left\"><strong><span style=\"color: #000000\"><em><span style=\"font-size: 14pt\"><span style=\"font-family: 'Book Antiqua', Palatino\"><span style=\"color: #000000\"> d\u2019innovation.<\/span><\/span><\/span><\/em><\/span><\/strong><\/p>\n<p class=\"western\" dir=\"ltr\" lang=\"en-US\" style=\"text-align: justify\" align=\"left\"><span style=\"font-family: 'Book Antiqua', Palatino;font-size: 12pt;color: #000000\">A tous ceux qui, par ce clic, d\u00e9couvrent notre Facult\u00e9, \u00e0 ceux qui en ont entendu parler, \u00e0 ceux qui la connaissent par ses enseignants, \u00e0 ceux qui ont c\u00f4toy\u00e9 ses \u00e9tudiants, ses dipl\u00f4m\u00e9s, mais qui n\u2019ont jamais eu l\u2019occasion de la visiter, vous \u00eates en ce moment sur le portail num\u00e9rique de la Facult\u00e9 de G\u00e9nie Civil et d\u2019Architecture de l\u2019Universit\u00e9 Ammar Telidji \u00e0 Laghouat.<\/span><\/p>\n<p dir=\"ltr\" lang=\"en-US\" align=\"left\"><span style=\"color: #000000;font-size: 12pt;font-family: 'Book Antiqua', Palatino\">\u00a0<\/span><span style=\"font-size: 12pt;font-family: 'Book Antiqua', Palatino;color: #000000\"><strong>Missions de la Facult\u00e9\u00a0:<\/strong><\/span><\/p>\n<p style=\"text-align: left\"><span style=\"font-size: 12pt;font-family: 'Book Antiqua', Palatino;color: #000000\">La Facult\u00e9 est une unit\u00e9 d&rsquo;enseignement et de recherche de l&rsquo;universit\u00e9 Ammar Telidji de Laghouat.Les missions principales son<\/span><\/p>\n<ul>\n<li style=\"text-align: left\"><span style=\"color: #000000;font-size: 12pt;font-family: 'Book Antiqua', Palatino\">Formation\u00a0LMD\u00a0(Licence-\u00a0Master-\u00a0Doctorat)\u00a0;<\/span><\/li>\n<li style=\"text-align: left\"><span style=\"font-size: 12pt;font-family: 'Book Antiqua', Palatino;color: #000000\">D\u00e9veloppement de la recherche au profit du secteur \u00e9conomique\u00a0;<\/span><\/li>\n<li style=\"text-align: left\"><span style=\"font-size: 12pt;font-family: 'Book Antiqua', Palatino;color: #000000\">Coop\u00e9ration scientifique tant au niveau national qu&rsquo;au niveau international avec d&rsquo;autres \u00e9tablissements universitaires.<\/span><\/li>\n<\/ul>\n<p dir=\"ltr\"><span style=\"font-size: 12pt;font-family: 'Book Antiqua', Palatino;color: #000000\"><strong>Organes de la Facult\u00e9\u00a0:<\/strong><\/span><\/p>\n<ul style=\"text-align: left\">\n<li><span style=\"font-size: 12pt;font-family: 'Book Antiqua', Palatino;color: #000000\">Conseil scientifique de la Facult\u00e9\u00a0;<\/span><\/li>\n<li><span style=\"font-size: 12pt;font-family: 'Book Antiqua', Palatino;color: #000000\">Conseil de Facult\u00e9\u00a0;<\/span><\/li>\n<li><span style=\"font-size: 12pt;font-family: 'Book Antiqua', Palatino;color: #000000\">Comit\u00e9s scientifiques des d\u00e9partements\u00a0;<\/span><\/li>\n<li><span style=\"font-size: 12pt;font-family: 'Book Antiqua', Palatino;color: #000000\">Comit\u00e9s p\u00e9dagogiques de coordinations\u00a0;<\/span><\/li>\n<li><span style=\"font-size: 12pt;font-family: 'Book Antiqua', Palatino;color: #000000\">Equipes de formation\u00a0;<\/span><\/li>\n<li><span style=\"font-size: 12pt;font-family: 'Book Antiqua', Palatino;color: #000000\">Equipes p\u00e9dagogiques,<\/span><\/li>\n<li><span style=\"font-size: 12pt;font-family: 'Book Antiqua', Palatino;color: #000000\">D\u00e9partements\u00a0:la Facult\u00e9 compte\u00a02 D\u00e9partements :<\/span><\/li>\n<li><span style=\"font-size: 12pt;font-family: 'Book Antiqua', Palatino;color: #000000\">D\u00e9partement d&rsquo;Architecture<\/span><\/li>\n<li><span style=\"font-size: 12pt;font-family: 'Book Antiqua', Palatino;color: #000000\">D\u00e9partement de G\u00e9nie Civil<\/span><\/li>\n<\/ul>\n<p style=\"text-align: left\"><span style=\"color: #000000;font-size: 12pt;font-family: 'Book Antiqua', Palatino\"><strong>Num\u00e9ro de d\u00e9cret et date de mise en place de facult\u00e9:<\/strong><\/span><\/p>\n<p dir=\"ltr\"><span style=\"color: #000000;font-size: 12pt;font-family: 'Book Antiqua', Palatino\">\u00a0Elle a \u00e9t\u00e9 mise en place en vertu de d\u00e9cret ex\u00e9cutif n\u00b016-72 du 13 Jumada Al-Oula 1437 correspondant au\u00a022 Fevrier 2016 , compl\u00e9t\u00e9 et modifi\u00e9 par le D\u00e9cret ex\u00e9cutif\u00a0n\u00b0 1-270\u00a0 du 30 Jumada \u00a0Al-thania 1422 correspondant au\u00a018 Septembre 2001. <\/span><\/p>\n<p dir=\"ltr\" style=\"text-align: center\" align=\"justify\"><span style=\"color: #000000;font-size: 12pt;font-family: 'Book Antiqua', Palatino\">En fin, choisir la Facult\u00e9 de G\u00e9nie et d\u2019Architecture de l\u2019Universit\u00e9 Ammar Telidji \u00e0 Laghouat pour se former, c\u2019est choisir l\u2019audace et l\u2019excellence. C\u2019est choisir la voie de l\u2019innovation pour transformer notre futur.<\/span><\/p>\n","protected":false},"excerpt":{"rendered":"<p>Bienvenue \u00e0 la Facult\u00e9 de G\u00e9nie Civil et d\u2019Architecture de l\u2019Universit\u00e9 Ammar Telidji \u00e0 Laghouat lieu de connaissances, de passion et d\u2019innovation. A tous ceux qui, par ce clic, d\u00e9couvrent notre Facult\u00e9, \u00e0 ceux qui en ont entendu parler, \u00e0 ceux qui la connaissent par ses enseignants, \u00e0 ceux qui ont c\u00f4toy\u00e9 ses \u00e9tudiants, ses [&hellip;]<\/p>\n","protected":false},"author":1,"featured_media":0,"parent":0,"menu_order":0,"comment_status":"closed","ping_status":"closed","template":"elementor_header_footer","meta":{"_exactmetrics_skip_tracking":false,"_exactmetrics_sitenote_active":false,"_exactmetrics_sitenote_note":"","_exactmetrics_sitenote_category":0,"footnotes":""},"coauthors":[217,527],"class_list":["post-6792","page","type-page","status-publish","hentry"],"_links":{"self":[{"href":"https:\/\/lagh-univ.dz\/fr\/wp-json\/wp\/v2\/pages\/6792","targetHints":{"allow":["GET"]}}],"collection":[{"href":"https:\/\/lagh-univ.dz\/fr\/wp-json\/wp\/v2\/pages"}],"about":[{"href":"https:\/\/lagh-univ.dz\/fr\/wp-json\/wp\/v2\/types\/page"}],"author":[{"embeddable":true,"href":"https:\/\/lagh-univ.dz\/fr\/wp-json\/wp\/v2\/users\/1"}],"replies":[{"embeddable":true,"href":"https:\/\/lagh-univ.dz\/fr\/wp-json\/wp\/v2\/comments?post=6792"}],"version-history":[{"count":15,"href":"https:\/\/lagh-univ.dz\/fr\/wp-json\/wp\/v2\/pages\/6792\/revisions"}],"predecessor-version":[{"id":38729,"href":"https:\/\/lagh-univ.dz\/fr\/wp-json\/wp\/v2\/pages\/6792\/revisions\/38729"}],"wp:attachment":[{"href":"https:\/\/lagh-univ.dz\/fr\/wp-json\/wp\/v2\/media?parent=6792"}],"wp:term":[{"taxonomy":"author","embeddable":true,"href":"https:\/\/lagh-univ.dz\/fr\/wp-json\/wp\/v2\/coauthors?post=6792"}],"curies":[{"name":"wp","href":"https:\/\/api.w.org\/{rel}","templated":true}]}}