{"id":7868,"date":"2018-07-18T18:59:12","date_gmt":"2018-07-18T20:59:12","guid":{"rendered":"https:\/\/lagh-univ.dz\/economie-faculte-secretaire-generale\/"},"modified":"2020-09-28T08:22:29","modified_gmt":"2020-09-28T10:22:29","slug":"economie-faculte-secretaire-generale","status":"publish","type":"page","link":"https:\/\/lagh-univ.dz\/fr\/economie-faculte-secretaire-generale\/","title":{"rendered":"Secr\u00e9tariat G\u00e9n\u00e9ral de la Facult\u00e9"},"content":{"rendered":"<p><strong><span style=\"color: #ff0000;font-family: 'Book Antiqua', Palatino;font-size: 18pt\">Secr\u00e9tariat G\u00e9n\u00e9ral de la Facult\u00e9<\/span><\/strong><\/p>\n<p><strong><span style=\"font-family: 'Book Antiqua', Palatino;font-size: 14pt;color: #000000\"><u><img decoding=\"async\" class=\"wp-image-24678 alignleft\" src=\"https:\/\/lagh-univ.dz\/wp-content\/uploads\/2020\/02\/\u0639\u064a\u0633\u0649-\u0628\u0648\u062e\u0644\u062e\u0627\u0644.jpg\" alt=\"\" width=\"132\" height=\"139\" \/><\/u><\/span><\/strong><\/p>\n<p><strong><span style=\"font-family: 'Book Antiqua', Palatino;font-size: 14pt;color: #000000\"><span style=\"font-size: 18pt;color: #000080\"><u>Secr\u00e9taire G\u00e9n\u00e9ral<\/u><\/span><br \/>\n<\/span><\/strong><\/p>\n<p><strong><span style=\"font-family: 'Book Antiqua', Palatino;font-size: 14pt;color: #000000\">M. BoukhalkhalA\u00efssa<\/span><\/strong><\/p>\n<hr \/>\n<p><strong><span style=\"font-family: 'Book Antiqua', Palatino;font-size: 14pt;color: #000000\"><span style=\"color: #000080\">Contact<\/span> : le <u>Secr\u00e9taire G\u00e9n\u00e9ral<\/u><\/span><\/strong><\/p>\n<p><strong><span style=\"font-family: 'Book Antiqua', Palatino;font-size: 14pt;color: #000000\"><span style=\"color: #000080\"><u>Tel <\/u><\/span>:029.10.74.29<\/span><\/strong><\/p>\n<p><strong><span style=\"font-family: 'Book Antiqua', Palatino;font-size: 14pt;color: #000000\"><span style=\"color: #000080\">Courriel:<\/span> a.boukhalkhal1960@gmail.com<\/span><\/strong><\/p>\n<p><strong><span style=\"font-family: 'Book Antiqua', Palatino;font-size: 14pt;color: #000000\">Le Secr\u00e9tariat G\u00e9n\u00e9ral contribue d\u2019une mani\u00e8re efficace \u00e0 la continuit\u00e9 du d\u00e9veloppement de la facult\u00e9. Il assure un suivi p\u00e9riodique de l\u2019am\u00e9lioration des diff\u00e9rentes t\u00e2ches administratives suivantles r\u00e8gles en vigueur.<\/span><\/strong><\/p>\n<p><strong><span style=\"font-family: 'Book Antiqua', Palatino;font-size: 18pt;color: #000080\">Les t\u00e2ches du Secr\u00e9tariat G\u00e9n\u00e9ral\u00a0:<\/span><\/strong><\/p>\n<ul>\n<li><strong><span style=\"font-family: 'Book Antiqua', Palatino;font-size: 14pt;color: #000000\">Planifier la gestion des ressources humaines de la facult\u00e9 et veiller \u00e0 l\u2019application du plan\u00a0;<\/span><\/strong><\/li>\n<li><strong><span style=\"font-family: 'Book Antiqua', Palatino;font-size: 14pt;color: #000000\">G\u00e9rer le parcours professionnel des fonctionnaires de la facult\u00e9\u00a0;<\/span><\/strong><\/li>\n<li><strong><span style=\"font-family: 'Book Antiqua', Palatino;font-size: 14pt;color: #000000\">Assurer la gestion et le maintien des archives, ainsi que la documentation de la facult\u00e9\u00a0;<\/span><\/strong><\/li>\n<li><strong><span style=\"font-family: 'Book Antiqua', Palatino;font-size: 14pt;color: #000000\">Elaborer un projet de budget de la facult\u00e9 et en assurer son application\u00a0;<\/span><\/strong><\/li>\n<li><strong><span style=\"font-family: 'Book Antiqua', Palatino;font-size: 14pt;color: #000000\">Promouvoir les activit\u00e9s scientifiques et culturelles des \u00e9tudiants en coordination avec les services comp\u00e9tents du rectorat de l\u2019universit\u00e9.<\/span><\/strong><\/li>\n<\/ul>\n<p><strong><span style=\"color: #000080;font-family: 'Book Antiqua', Palatino;font-size: 18pt\">Les services du Secr\u00e9tariat G\u00e9n\u00e9ral :<\/span><\/strong><\/p>\n<ul>\n<li><strong><span style=\"font-family: 'Book Antiqua', Palatino;font-size: 14pt;color: #000000\">Service Personnel\u00a0;<\/span><\/strong>\n<p><strong><span style=\"font-family: 'Book Antiqua', Palatino;font-size: 14pt;color: #000000\">D\u00e9partement des Moyens Publics\u00a0;<\/span><\/strong><\/p>\n<p><strong><span style=\"font-family: 'Book Antiqua', Palatino;font-size: 14pt;color: #000000\">D\u00e9partement Comptabilit\u00e9 et Finances\u00a0;<\/span><\/strong><\/p>\n<p><strong><span style=\"font-family: 'Book Antiqua', Palatino;font-size: 14pt;color: #000000\">D\u00e9partement des Activit\u00e9s Scientifiques, Culturelles et Sportives.<\/span><\/strong><\/li>\n<\/ul>\n<p><strong><span style=\"font-family: 'Book Antiqua', Palatino;font-size: 18pt;color: #ff0000\"><u>1- Service Personnel<\/u><\/span><\/strong><\/p>\n<p><strong><span style=\"font-family: 'Book Antiqua', Palatino;font-size: 14pt;color: #000080\">Chef Personnel : Ben thabeut abdelhamid<\/span><\/strong><\/p>\n<p><strong><span style=\"font-family: 'Book Antiqua', Palatino;font-size: 14pt;color: #000000\">Il supervise deux unit\u00e9s\u00a0: <\/span><\/strong><br \/>\n<strong><span style=\"font-family: 'Book Antiqua', Palatino;font-size: 14pt;color: #000000\">\u2022 La direction administrative charg\u00e9e de suivre le parcours professionnel du personnel permanent et temporaire.<\/span><\/strong><br \/>\n<strong><span style=\"font-family: 'Book Antiqua', Palatino;font-size: 14pt;color: #000000\">\u2022 La subdivision des enseignants charg\u00e9e de suivre le parcours professionnel des enseignants de la facult\u00e9, y compris les enseignants temporaires et participants.<\/span><\/strong><\/p>\n<p><strong><span style=\"font-family: 'Book Antiqua', Palatino;font-size: 14pt;color: #000000\">Le service veille\u00a0: <\/span><\/strong><br \/>\n<strong><span style=\"font-family: 'Book Antiqua', Palatino;font-size: 14pt;color: #000000\">\u2022 Au suivi du parcours de l&#8217;employ\u00e9 d\u00e8s le jour de son installation jusqu&rsquo;\u00e0 sa retraite\u00a0;<\/span><\/strong><br \/>\n<strong><span style=\"font-family: 'Book Antiqua', Palatino;font-size: 14pt;color: #000000\">\u2022 A la gestion des situations particuli\u00e8res et exceptionnelles dans le parcours de l\u2019enseignant et de l&#8217;employ\u00e9 en service.<\/span><\/strong><\/p>\n<p><strong><span style=\"font-family: 'Book Antiqua', Palatino;font-size: 18pt;color: #ff0000\"><u>2-Finance et Comptabilit\u00e9<\/u><\/span><\/strong><\/p>\n<p><strong><span style=\"font-family: 'Book Antiqua', Palatino;font-size: 14pt;color: #000080\">Chef de service\u00a0: Ben Atia Mustapha<\/span><\/strong><\/p>\n<p><strong><span style=\"font-family: 'Book Antiqua', Palatino;font-size: 14pt;color: #000000\">Supervise deux services\u00a0:<\/span><\/strong><\/p>\n<p><strong><span style=\"font-family: 'Book Antiqua', Palatino;font-size: 14pt;color: #000000\">Comptabilit\u00e9<\/span><\/strong><\/p>\n<p><strong><span style=\"font-family: 'Book Antiqua', Palatino;font-size: 14pt;color: #000000\">Finance<\/span><\/strong><\/p>\n<p><strong><span style=\"font-family: 'Book Antiqua', Palatino;font-size: 18pt;color: #ff0000\"><u>3- Moyens et Entretien<\/u><\/span><\/strong><\/p>\n<p><strong><span style=\"font-family: 'Book Antiqua', Palatino;font-size: 14pt;color: #000080\">Chef de service\u00a0: Mechraoui Saliha<\/span><\/strong><\/p>\n<p><strong><span style=\"font-family: 'Book Antiqua', Palatino;font-size: 14pt;color: #000000\">Supervise deux services\u00a0:<\/span><\/strong><\/p>\n<p><strong><span style=\"font-family: 'Book Antiqua', Palatino;font-size: 14pt;color: #000000\">Moyens<\/span><\/strong><\/p>\n<p><strong><span style=\"font-family: 'Book Antiqua', Palatino;font-size: 14pt;color: #000000\">Entretien<\/span><\/strong><\/p>\n<p><strong><span style=\"color: #ff0000;font-family: 'Book Antiqua', Palatino;font-size: 18pt\"><u>4- <\/u><u>Service Activit\u00e9s Scientifiques Culturelles et Sportives<\/u><\/span><\/strong><\/p>\n","protected":false},"excerpt":{"rendered":"<p>Secr\u00e9tariat G\u00e9n\u00e9ral de la Facult\u00e9 Secr\u00e9taire G\u00e9n\u00e9ral M. BoukhalkhalA\u00efssa Contact : le Secr\u00e9taire G\u00e9n\u00e9ral Tel :029.10.74.29 Courriel: a.boukhalkhal1960@gmail.com Le Secr\u00e9tariat G\u00e9n\u00e9ral contribue d\u2019une mani\u00e8re efficace \u00e0 la continuit\u00e9 du d\u00e9veloppement de la facult\u00e9. Il assure un suivi p\u00e9riodique de l\u2019am\u00e9lioration des diff\u00e9rentes t\u00e2ches administratives suivantles r\u00e8gles en vigueur. Les t\u00e2ches du Secr\u00e9tariat G\u00e9n\u00e9ral\u00a0: Planifier la [&hellip;]<\/p>\n","protected":false},"author":8,"featured_media":0,"parent":0,"menu_order":0,"comment_status":"closed","ping_status":"closed","template":"elementor_header_footer","meta":{"_exactmetrics_skip_tracking":false,"_exactmetrics_sitenote_active":false,"_exactmetrics_sitenote_note":"","_exactmetrics_sitenote_category":0,"footnotes":""},"coauthors":[526],"class_list":["post-7868","page","type-page","status-publish","hentry"],"_links":{"self":[{"href":"https:\/\/lagh-univ.dz\/fr\/wp-json\/wp\/v2\/pages\/7868","targetHints":{"allow":["GET"]}}],"collection":[{"href":"https:\/\/lagh-univ.dz\/fr\/wp-json\/wp\/v2\/pages"}],"about":[{"href":"https:\/\/lagh-univ.dz\/fr\/wp-json\/wp\/v2\/types\/page"}],"author":[{"embeddable":true,"href":"https:\/\/lagh-univ.dz\/fr\/wp-json\/wp\/v2\/users\/8"}],"replies":[{"embeddable":true,"href":"https:\/\/lagh-univ.dz\/fr\/wp-json\/wp\/v2\/comments?post=7868"}],"version-history":[{"count":7,"href":"https:\/\/lagh-univ.dz\/fr\/wp-json\/wp\/v2\/pages\/7868\/revisions"}],"predecessor-version":[{"id":35567,"href":"https:\/\/lagh-univ.dz\/fr\/wp-json\/wp\/v2\/pages\/7868\/revisions\/35567"}],"wp:attachment":[{"href":"https:\/\/lagh-univ.dz\/fr\/wp-json\/wp\/v2\/media?parent=7868"}],"wp:term":[{"taxonomy":"author","embeddable":true,"href":"https:\/\/lagh-univ.dz\/fr\/wp-json\/wp\/v2\/coauthors?post=7868"}],"curies":[{"name":"wp","href":"https:\/\/api.w.org\/{rel}","templated":true}]}}