{"id":8512,"date":"2018-07-13T18:43:45","date_gmt":"2018-07-13T18:43:45","guid":{"rendered":"https:\/\/lagh-univ.dz\/vrr-perf-personnel-ats\/"},"modified":"2025-11-02T14:39:25","modified_gmt":"2025-11-02T13:39:25","slug":"vrr-perf-personnel-ats","status":"publish","type":"page","link":"https:\/\/lagh-univ.dz\/fr\/vrr-presentation\/vrr-perf-personnel-ats\/","title":{"rendered":"vrr-perf-personnel-ats"},"content":{"rendered":"<p><a href=\"https:\/\/lagh-univ.dz\/\"><br \/>\n\t\t\t\t\t\t\t<img decoding=\"async\" width=\"396\" height=\"75\" src=\"https:\/\/lagh-univ.dz\/wp-content\/uploads\/2025\/11\/s5_logo-1.png\" alt=\"\" srcset=\"https:\/\/lagh-univ.dz\/wp-content\/uploads\/2025\/11\/s5_logo-1.png 396w, https:\/\/lagh-univ.dz\/wp-content\/uploads\/2025\/11\/s5_logo-1-300x57.png 300w\" sizes=\"(max-width: 396px) 100vw, 396px\" \/>\t\t\t\t\t\t\t\t<\/a><br \/>\n\t\t\t\t\t<a href=\"https:\/\/www.facebook.com\/laghuniv.dz\" target=\"_blank\"><br \/>\n\t\t\t\t\t\tFacebook<br \/>\n\t\t\t\t\t\t\t\t\t\t\t<\/a><br \/>\n\t\t\t\t\t<a href=\"https:\/\/www.youtube.com\/@universite_de_laghouat\" target=\"_blank\"><br \/>\n\t\t\t\t\t\tYoutube<br \/>\n\t\t\t\t\t\t\t\t\t\t\t<\/a><\/p>\n<h2 style=\"text-align: center\">PERSONNEL ATS<\/h2>\n<p>&nbsp;<br \/>\n<b>Pr\u00e9ambule<\/b><\/p>\n<p style=\"text-align: justify\">Conform\u00e9ment aux articles 10 et 36 de \u00a0d\u00e9cret pr\u00e9sidentiel n\u00b014-196 du\u00a0 06 juillet 2014 portant organisation et gestion de la formation et de perfectionnement \u00e0 l\u2019\u00e9tranger, les personnels administratifs et techniques class\u00e9s au moins \u00e0 la cat\u00e9gorie 10 et plus s\u00e9lectionn\u00e9s parmi les comp\u00e9tences titulaires d\u2019un dipl\u00f4me universitaire, au mois, peuvent b\u00e9n\u00e9ficier de stage de perfectionnement \u00e0 l\u2019\u00e9tranger apr\u00e8s l\u2019avis d\u2019une commission sp\u00e9ciale quand ces derniers\u00a0<b>ne sont pas assur\u00e9s en Alg\u00e9rie\u00a0<\/b>. La programmation des stages de perfectionnement \u00e0 l&rsquo;\u00e9tranger inscrite sur les plans de formation et de d\u00e9veloppement des \u00e9tablissements publics et des centres de recherche doit \u00eatre r\u00e9alis\u00e9e sur la base des accords conclus dans le cadre de la coop\u00e9ration internationale et de partenariats inter-universitaires. \u00a0 <\/p>\n<p style=\"text-align: justify\">Seuls les candidats remplissant les conditions suivantes peuvent faire l&rsquo;objet d&rsquo;une s\u00e9lection par l&rsquo;\u00e9tablissement d&rsquo;origine :<\/p>\n<p style=\"text-align: justify\"> &#8211;\u00a0 \u00a0 Pr\u00e9senter un projet de stage de perfectionnement avec avis motiv\u00e9 du chef d&rsquo;\u00e9tablissement et avis du conseil de direction faisant ressortir les retomb\u00e9es et l&rsquo;impact attendus de ce stage.<\/p>\n<p>&nbsp;<\/p>\n<ul>\n<li><b>Dossier de perfectionnement \u00e0 l\u2019\u00e9tranger<\/b><\/li>\n<\/ul>\n<p>&nbsp;<br \/>\nStage de Perfectionnement \u00e0 l\u2019\u00e9tranger\/Fonctionnaires _ Rectorat\u00a0<br \/>\n\u062a\u062f\u0627\u0631\u064a\u0628 \u062a\u062d\u0633\u064a\u0646 \u0627\u0644\u0645\u0633\u062a\u0648\u0649 \u0628\u0627\u0644\u062e\u0627\u0631\u062c \/ \u0645\u0648\u0638\u0641\u0648 \u0627\u0644\u0625\u062f\u0627\u0631\u0629 \u0627\u0644\u0645\u0631\u0643\u0632\u064a\u0629<br \/>\n&nbsp;<br \/>\nStage de Perfectionnement \u00e0 l\u2019\u00e9tranger \/ Fonctionnaires _Facult\u00e9s\u00a0<\/p>\n<p dir=\"ltr\">\u062a\u062f\u0627\u0631\u064a\u0628 \u062a\u062d\u0633\u064a\u0646 \u0627\u0644\u0645\u0633\u062a\u0648\u0649 \u0628\u0627\u0644\u062e\u0627\u0631\u062c \/ \u0645\u0648\u0638\u0641\u0648 \u0627\u0644\u0643\u0644\u064a\u0627\u062a<\/p>\n<p>&nbsp;<br \/>\n<strong>\u00a0<\/strong><br \/>\n&nbsp;<br \/>\n&nbsp;<br \/>\n&nbsp;<\/p>\n","protected":false},"excerpt":{"rendered":"<p>Facebook Youtube PERSONNEL ATS &nbsp; Pr\u00e9ambule Conform\u00e9ment aux articles 10 et 36 de \u00a0d\u00e9cret pr\u00e9sidentiel n\u00b014-196 du\u00a0 06 juillet 2014 portant organisation et gestion de la formation et de perfectionnement \u00e0 l\u2019\u00e9tranger, les personnels administratifs et techniques class\u00e9s au moins \u00e0 la cat\u00e9gorie 10 et plus s\u00e9lectionn\u00e9s parmi les comp\u00e9tences titulaires d\u2019un dipl\u00f4me universitaire, au [&hellip;]<\/p>\n","protected":false},"author":3,"featured_media":0,"parent":8496,"menu_order":0,"comment_status":"closed","ping_status":"closed","template":"elementor_header_footer","meta":{"_exactmetrics_skip_tracking":false,"_exactmetrics_sitenote_active":false,"_exactmetrics_sitenote_note":"","_exactmetrics_sitenote_category":0,"footnotes":""},"coauthors":[216],"class_list":["post-8512","page","type-page","status-publish","hentry"],"_links":{"self":[{"href":"https:\/\/lagh-univ.dz\/fr\/wp-json\/wp\/v2\/pages\/8512","targetHints":{"allow":["GET"]}}],"collection":[{"href":"https:\/\/lagh-univ.dz\/fr\/wp-json\/wp\/v2\/pages"}],"about":[{"href":"https:\/\/lagh-univ.dz\/fr\/wp-json\/wp\/v2\/types\/page"}],"author":[{"embeddable":true,"href":"https:\/\/lagh-univ.dz\/fr\/wp-json\/wp\/v2\/users\/3"}],"replies":[{"embeddable":true,"href":"https:\/\/lagh-univ.dz\/fr\/wp-json\/wp\/v2\/comments?post=8512"}],"version-history":[{"count":14,"href":"https:\/\/lagh-univ.dz\/fr\/wp-json\/wp\/v2\/pages\/8512\/revisions"}],"predecessor-version":[{"id":70054,"href":"https:\/\/lagh-univ.dz\/fr\/wp-json\/wp\/v2\/pages\/8512\/revisions\/70054"}],"up":[{"embeddable":true,"href":"https:\/\/lagh-univ.dz\/fr\/wp-json\/wp\/v2\/pages\/8496"}],"wp:attachment":[{"href":"https:\/\/lagh-univ.dz\/fr\/wp-json\/wp\/v2\/media?parent=8512"}],"wp:term":[{"taxonomy":"author","embeddable":true,"href":"https:\/\/lagh-univ.dz\/fr\/wp-json\/wp\/v2\/coauthors?post=8512"}],"curies":[{"name":"wp","href":"https:\/\/api.w.org\/{rel}","templated":true}]}}