{"id":9577,"date":"2018-07-21T11:48:02","date_gmt":"2018-07-21T11:48:02","guid":{"rendered":"https:\/\/lagh-univ.dz\/genie-civil-faculte-mot-de-doyen\/"},"modified":"2021-01-31T07:59:44","modified_gmt":"2021-01-31T09:59:44","slug":"genie-civil-faculte-mot-de-doyen","status":"publish","type":"page","link":"https:\/\/lagh-univ.dz\/fr\/faculte-de-genie-civil-et-architecture\/genie-civil-faculte-mot-de-doyen\/","title":{"rendered":"Genie civil-Facult\u00e9-mot de doyen"},"content":{"rendered":"<p><img fetchpriority=\"high\" decoding=\"async\" class=\"wp-image-38723 aligncenter\" src=\"https:\/\/lagh-univ.dz\/wp-content\/uploads\/2021\/01\/785875-300x69.png\" alt=\"\" width=\"748\" height=\"172\" srcset=\"https:\/\/lagh-univ.dz\/wp-content\/uploads\/2021\/01\/785875-300x69.png 300w, https:\/\/lagh-univ.dz\/wp-content\/uploads\/2021\/01\/785875.png 767w\" sizes=\"(max-width: 748px) 100vw, 748px\" \/><img decoding=\"async\" class=\" wp-image-13564 aligncenter\" style=\"color: #000000;font-family: 'Book Antiqua', Palatino;font-size: 18.6667px\" src=\"https:\/\/lagh-univ.dz\/wp-content\/uploads\/2019\/02\/doyen.png\" alt=\"\" width=\"102\" height=\"113\" \/><\/p>\n<p style=\"text-align: center\"><strong><span style=\"color: #000000;font-family: 'Book Antiqua', Palatino;font-size: 14pt\">Doyen:\u00a0Pr Gafsi Mostefa<\/span><\/strong><\/p>\n<p style=\"text-align: center\"><span style=\"color: #000000;font-family: 'Book Antiqua', Palatino;font-size: 12pt\">Tel : +213773580481<\/span><\/p>\n<p style=\"text-align: center\"><span style=\"font-size: 12pt;font-family: 'Book Antiqua', Palatino;color: #000000\">E-mail: <a style=\"color: #000000\" href=\"mailto:m.gafsi@lagh-univ.dz\">m.gafsi@lagh-univ.dz<\/a><\/span><\/p>\n<p style=\"text-align: center\"><span style=\"font-size: 12pt;font-family: 'Book Antiqua', Palatino;color: #000000\">\/ msgafsi@yahoo.fr<\/span><\/p>\n<p style=\"text-align: center\"><span style=\"font-size: 14pt;font-family: 'Book Antiqua', Palatino;color: #000000\"><span style=\"font-size: 12pt\">Grade: Professeur<\/span> <\/span><\/p>\n<p style=\"text-align: left\"><span style=\"font-size: 14pt;font-family: 'Book Antiqua', Palatino;color: #000000\">Bienvenue \u00e0 la Facult\u00e9 de G\u00e9nie Civil et d\u2019Architecture de l\u2019Universit\u00e9 Ammar Telidji \u00e0 Laghouat lieu de\u00a0 \u00a0 connaissances, de passion et d\u2019innovation.<\/span><\/p>\n<p style=\"text-align: left\"><span style=\"font-size: 14pt;font-family: 'Book Antiqua', Palatino;color: #000000\">A tous ceux qui, par ce clic, d\u00e9couvrent notre Facult\u00e9, \u00e0 ceux qui en ont entendu parler, \u00e0 ceux qui la connaissent par ses enseignants, \u00e0 ceux qui ont c\u00f4toy\u00e9 ses \u00e9tudiants, ses dipl\u00f4m\u00e9s, mais qui n\u2019ont jamais eu l\u2019occasion de la visiter, vous \u00eates en ce moment sur le portail num\u00e9rique de la Facult\u00e9 de G\u00e9nie Civil et d\u2019Architecture de l\u2019Universit\u00e9 Ammar Telidji \u00e0 Laghouat.<\/span><\/p>\n<p style=\"text-align: left\"><span style=\"font-size: 14pt;font-family: 'Book Antiqua', Palatino;color: #000000\">Notre facult\u00e9 est compos\u00e9e de deux d\u00e9partements, le d\u00e9partement de G\u00e9nie Civil et le d\u00e9partement d\u2019Architecture. Si ces deux d\u00e9partements semblent \u00eatre diff\u00e9rents par leurs domaines de recherche et leurs programmes p\u00e9dagogiques, ils sont plut\u00f4t interd\u00e9pendants dont l\u2019objectif commun assign\u00e9 est de\u00a0 permettre un accompagnement de proximit\u00e9 pour chaque \u00e9tudiant.<\/span><\/p>\n<p style=\"text-align: left\"><span style=\"font-size: 14pt;font-family: 'Book Antiqua', Palatino;color: #000000\">L\u2019animation de la vie estudiantine est un dynamisme et du progr\u00e9\u00a0 scientifique font de notre facult\u00e9 un lieu de savoir, de d\u00e9couverte, de vie partag\u00e9e, d\u2019int\u00e9gration et d\u2019engagement<\/span><\/p>\n<p style=\"text-align: left\"><span style=\"font-size: 14pt;font-family: 'Book Antiqua', Palatino;color: #000000\">Ayant toujours l\u2019intention d\u2019assurer la promotion d\u2019une facult\u00e9 dynamique et ouverte dans les diff\u00e9rents secteurs de recherche et offrant un panel tr\u00e8s large de qualifications et de dipl\u00f4mes au sein des deux d\u00e9partements<\/span><\/p>\n<p style=\"text-align: left\"><span style=\"font-size: 14pt;font-family: 'Book Antiqua', Palatino;color: #000000\">Le d\u00e9veloppement des formations acad\u00e9miques et professionnalisantes participe \u00e9galement \u00e0 rendre notre facult\u00e9 attractive dans sa capacit\u00e9 \u00e0 s\u2019adapter \u00e0 un environnement \u00e9conomique en constante \u00e9volution.<\/span><\/p>\n<p style=\"text-align: left\"><span style=\"font-size: 14pt;font-family: 'Book Antiqua', Palatino;color: #000000\">L\u2019encadrement de qualit\u00e9 de notre facult\u00e9 est compos\u00e9 d\u2019universitaires et de professionnels, veillant \u00e0 une adaptation constante de la formation \u00e0 l\u2019\u00e9volution technologique et une ouverture directe sur le monde de l\u2019emploi et de la recherche, assurent \u00e0 nos dipl\u00f4m\u00e9s une insertion rapide dans la vie active et la possibilit\u00e9 d\u2019une poursuite des \u00e9tudes doctorale<\/span><\/p>\n<p style=\"text-align: left\"><span style=\"font-size: 14pt;font-family: 'Book Antiqua', Palatino;color: #000000\">En tant que doyen, je m\u2019estime privil\u00e9gier d\u2019\u00eatre \u00e0 la barre de cette nouvelle facult\u00e9. La force premi\u00e8re de notre Facult\u00e9 r\u00e9side dans les personnes qui la composent (responsables, enseignants, \u00e9tudiants et travailleurs), dans les id\u00e9es et les valeurs que nous partageons et nous essayons de transmettre.<\/span><br \/>\n<span style=\"font-size: 14pt;font-family: 'Book Antiqua', Palatino;color: #000000\">Nous continuerons dans cette voie et nous ferons de la qualit\u00e9 du contenu acad\u00e9mique et de l\u2019exigence intellectuelle nos principaux objectifs afin de fournir des professionnels de haut niveau pour contribuer au d\u00e9veloppement du pays.Ensemble, alors, \u0153uvrons-nous pour accomplir notre noble mission et r\u00e9aliser le plein potentiel de notre facult\u00e9.<\/span><\/p>\n<p dir=\"ltr\" style=\"text-align: left\"><span style=\"font-size: 14pt;font-family: 'Book Antiqua', Palatino;color: #000000\">En fin, choisir la Facult\u00e9 de G\u00e9nie et d\u2019Architecture de l\u2019Universit\u00e9 Ammar Telidji \u00e0 Laghouat pour se former, c\u2019est choisir l\u2019audace et l\u2019excellence. C\u2019est choisir la voie de l\u2019innovation pour transformer notre futur.<\/span><\/p>\n<p dir=\"ltr\"><span style=\"color: #000000\"><strong><span style=\"font-size: 14pt;font-family: 'Book Antiqua', Palatino\">R\u00f4les et Missions du Doyen\u00a0:<\/span><\/strong><\/span><\/p>\n<p dir=\"ltr\"><span style=\"font-size: 14pt;font-family: 'Book Antiqua', Palatino;color: #000000\">\u00a0Le doyen de la facult\u00e9 est nomm\u00e9 par d\u00e9cret pris sur proposition du ministre charg\u00e9 de l&rsquo;enseignement sup\u00e9rieur, apr\u00e8s avis du recteur, parmi les enseignants en activit\u00e9 appartenant au grade de professeur ou \u00e0 d\u00e9faut, de ma\u00eetre de conf\u00e9rences.<\/span><\/p>\n<p dir=\"ltr\" style=\"text-align: left\"><strong><span style=\"font-size: 14pt;font-family: 'Book Antiqua', Palatino;color: #000000\">Le doyen est responsable du fonctionnement de la facult\u00e9 et il assure la gestion de ses moyens humains, financiers et mat\u00e9riels.A ce titre, il :<\/span><\/strong><\/p>\n<ul style=\"text-align: left\">\n<li><span style=\"font-size: 14pt;font-family: 'Book Antiqua', Palatino;color: #000000\">est ordonnateur des cr\u00e9dits de fonctionnement qui lui sont d\u00e9l\u00e9gu\u00e9s par le recteur,<\/span><\/li>\n<li><span style=\"font-size: 14pt;font-family: 'Book Antiqua', Palatino;color: #000000\">nomme les personnels de la facult\u00e9 pour lesquels un autre mode de nomination n&rsquo;est pas pr\u00e9vu,<\/span><\/li>\n<li><span style=\"font-size: 14pt;font-family: 'Book Antiqua', Palatino;color: #000000\">assure et exerce l&rsquo;autorit\u00e9 hi\u00e9rarchique sur l&rsquo;ensemble des personnels plac\u00e9s sous son autorit\u00e9,<\/span><\/li>\n<li><span style=\"font-size: 14pt;font-family: 'Book Antiqua', Palatino;color: #000000\">pr\u00e9pare les r\u00e9unions du conseil de facult\u00e9.<\/span><\/li>\n<\/ul>\n<p dir=\"ltr\" style=\"text-align: left\"><span style=\"font-size: 14pt;font-family: 'Book Antiqua', Palatino;color: #000000\">Il \u00e9tablit le rapport annuel d&rsquo;activit\u00e9s qu&rsquo;il adresse au recteur de l&rsquo;universit\u00e9, apr\u00e8s approbation par le conseil de facult\u00e9.\u00a0Le doyen de facult\u00e9 est assist\u00e9 dans ses t\u00e2ches par\u00a0:<\/span><\/p>\n<ul>\n<li style=\"text-align: left\"><span style=\"font-size: 14pt;font-family: 'Book Antiqua', Palatino;color: #000000\">Le vice-doyen charg\u00e9 des \u00e9tudes et des questions li\u00e9es aux \u00e9tudiants,<\/span><\/li>\n<li style=\"text-align: left\"><span style=\"font-size: 14pt;font-family: 'Book Antiqua', Palatino;color: #000000\">Le vice-doyen charg\u00e9 de la post-graduation, de la recherche scientifique et des relations ext\u00e9rieures,<\/span><\/li>\n<li style=\"text-align: left\"><span style=\"font-size: 14pt;font-family: 'Book Antiqua', Palatino;color: #000000\">Le secr\u00e9taire g\u00e9n\u00e9ral,<\/span><\/li>\n<li style=\"text-align: left\"><span style=\"font-size: 14pt;font-family: 'Book Antiqua', Palatino;color: #000000\">Les chefs de d\u00e9partements,<\/span><\/li>\n<li style=\"text-align: left\"><span style=\"color: #000000\"><span style=\"font-size: 14pt;font-family: 'Book Antiqua', Palatino\">Le responsable de la biblioth\u00e8que de facu<\/span>lt<\/span>\u00e9.<\/li>\n<\/ul>\n","protected":false},"excerpt":{"rendered":"<p>Doyen:\u00a0Pr Gafsi Mostefa Tel : +213773580481 E-mail: m.gafsi@lagh-univ.dz \/ msgafsi@yahoo.fr Grade: Professeur Bienvenue \u00e0 la Facult\u00e9 de G\u00e9nie Civil et d\u2019Architecture de l\u2019Universit\u00e9 Ammar Telidji \u00e0 Laghouat lieu de\u00a0 \u00a0 connaissances, de passion et d\u2019innovation. A tous ceux qui, par ce clic, d\u00e9couvrent notre Facult\u00e9, \u00e0 ceux qui en ont entendu parler, \u00e0 ceux qui [&hellip;]<\/p>\n","protected":false},"author":18,"featured_media":0,"parent":6792,"menu_order":0,"comment_status":"closed","ping_status":"closed","template":"elementor_header_footer","meta":{"_exactmetrics_skip_tracking":false,"_exactmetrics_sitenote_active":false,"_exactmetrics_sitenote_note":"","_exactmetrics_sitenote_category":0,"footnotes":""},"coauthors":[527],"class_list":["post-9577","page","type-page","status-publish","hentry"],"_links":{"self":[{"href":"https:\/\/lagh-univ.dz\/fr\/wp-json\/wp\/v2\/pages\/9577","targetHints":{"allow":["GET"]}}],"collection":[{"href":"https:\/\/lagh-univ.dz\/fr\/wp-json\/wp\/v2\/pages"}],"about":[{"href":"https:\/\/lagh-univ.dz\/fr\/wp-json\/wp\/v2\/types\/page"}],"author":[{"embeddable":true,"href":"https:\/\/lagh-univ.dz\/fr\/wp-json\/wp\/v2\/users\/18"}],"replies":[{"embeddable":true,"href":"https:\/\/lagh-univ.dz\/fr\/wp-json\/wp\/v2\/comments?post=9577"}],"version-history":[{"count":18,"href":"https:\/\/lagh-univ.dz\/fr\/wp-json\/wp\/v2\/pages\/9577\/revisions"}],"predecessor-version":[{"id":38728,"href":"https:\/\/lagh-univ.dz\/fr\/wp-json\/wp\/v2\/pages\/9577\/revisions\/38728"}],"up":[{"embeddable":true,"href":"https:\/\/lagh-univ.dz\/fr\/wp-json\/wp\/v2\/pages\/6792"}],"wp:attachment":[{"href":"https:\/\/lagh-univ.dz\/fr\/wp-json\/wp\/v2\/media?parent=9577"}],"wp:term":[{"taxonomy":"author","embeddable":true,"href":"https:\/\/lagh-univ.dz\/fr\/wp-json\/wp\/v2\/coauthors?post=9577"}],"curies":[{"name":"wp","href":"https:\/\/api.w.org\/{rel}","templated":true}]}}